{"id":351,"date":"2019-05-13T00:14:48","date_gmt":"2019-05-12T22:14:48","guid":{"rendered":"https:\/\/pes-luxembourg.lu\/bascharage\/?page_id=351"},"modified":"2024-01-24T18:15:09","modified_gmt":"2024-01-24T17:15:09","slug":"ondes-de-choc-kinesitherapie-bascharage","status":"publish","type":"page","link":"https:\/\/pes-luxembourg.lu\/bascharage\/ondes-de-choc-kinesitherapie-bascharage\/","title":{"rendered":"Ondes de Choc Kin\u00e9sith\u00e9rapie"},"content":{"rendered":"<div class=\"fusion-fullwidth fullwidth-box fusion-builder-row-1 nonhundred-percent-fullwidth non-hundred-percent-height-scrolling\" style=\"--awb-border-radius-top-left:0px;--awb-border-radius-top-right:0px;--awb-border-radius-bottom-right:0px;--awb-border-radius-bottom-left:0px;--awb-padding-top:20px;--awb-padding-bottom:20px;--awb-flex-wrap:wrap;\" ><div class=\"fusion-builder-row fusion-row\"><div class=\"fusion-layout-column fusion_builder_column fusion-builder-column-0 fusion_builder_column_1_1 1_1 fusion-one-full fusion-column-first fusion-column-last\" style=\"--awb-bg-size:cover;\"><div class=\"fusion-column-wrapper fusion-column-has-shadow fusion-flex-column-wrapper-legacy\"><div class=\"fusion-title title fusion-title-1 fusion-title-center fusion-title-text fusion-title-size-one\" style=\"--awb-margin-top-small:0px;--awb-margin-right-small:0px;--awb-margin-bottom-small:20px;--awb-margin-left-small:0px;\"><div class=\"title-sep-container title-sep-container-left\"><div class=\"title-sep sep-double sep-solid\" style=\"border-color:#e0dede;\"><\/div><\/div><span class=\"awb-title-spacer\"><\/span><h1 class=\"fusion-title-heading title-heading-center fusion-responsive-typography-calculated\" style=\"margin:0;--fontSize:34;line-height:1.41;\">Les Ondes de Choc<\/h1><span class=\"awb-title-spacer\"><\/span><div class=\"title-sep-container title-sep-container-right\"><div class=\"title-sep sep-double sep-solid\" style=\"border-color:#e0dede;\"><\/div><\/div><\/div><div class=\"fusion-image-element fusion-image-align-center in-legacy-container\" style=\"text-align:center;--awb-bottom-shadow-color:rgba(0,0,0,0.4);--awb-caption-title-font-family:var(--h2_typography-font-family);--awb-caption-title-font-weight:var(--h2_typography-font-weight);--awb-caption-title-font-style:var(--h2_typography-font-style);--awb-caption-title-size:var(--h2_typography-font-size);--awb-caption-title-transform:var(--h2_typography-text-transform);--awb-caption-title-line-height:var(--h2_typography-line-height);--awb-caption-title-letter-spacing:var(--h2_typography-letter-spacing);\"><div class=\"imageframe-align-center\"><div class=\"awb-image-frame awb-image-frame-1 awb-bottomshadow\"><span class=\" fusion-imageframe imageframe-bottomshadow imageframe-1 hover-type-none\" style=\"border:2px solid #f6f6f6;\"><img decoding=\"async\" width=\"4000\" height=\"1333\" title=\"Ondes de choc\" src=\"https:\/\/pes-luxembourg.lu\/bascharage\/wp-content\/uploads\/sites\/2\/2019\/09\/Ondes-de-choc.png\" alt class=\"img-responsive wp-image-1006\" srcset=\"https:\/\/pes-luxembourg.lu\/bascharage\/wp-content\/uploads\/sites\/2\/2019\/09\/Ondes-de-choc-200x67.png 200w, https:\/\/pes-luxembourg.lu\/bascharage\/wp-content\/uploads\/sites\/2\/2019\/09\/Ondes-de-choc-400x133.png 400w, https:\/\/pes-luxembourg.lu\/bascharage\/wp-content\/uploads\/sites\/2\/2019\/09\/Ondes-de-choc-600x200.png 600w, https:\/\/pes-luxembourg.lu\/bascharage\/wp-content\/uploads\/sites\/2\/2019\/09\/Ondes-de-choc-800x267.png 800w, https:\/\/pes-luxembourg.lu\/bascharage\/wp-content\/uploads\/sites\/2\/2019\/09\/Ondes-de-choc-1200x400.png 1200w, https:\/\/pes-luxembourg.lu\/bascharage\/wp-content\/uploads\/sites\/2\/2019\/09\/Ondes-de-choc.png 4000w\" sizes=\"(max-width: 800px) 100vw, 1200px\" \/><\/span><svg xmlns=\"http:\/\/www.w3.org\/2000\/svg\" version=\"1.1\" width=\"100%\" viewBox=\"0 0 600 28\" preserveAspectRatio=\"none\"><g clip-path=\"url(#a)\"><mask id=\"b\" style=\"mask-type:luminance\" maskUnits=\"userSpaceOnUse\" x=\"0\" y=\"0\" width=\"600\" height=\"28\"><path d=\"M0 0h600v28H0V0Z\" fill=\"#fff\"\/><\/mask><g filter=\"url(#c)\" mask=\"url(#b)\"><path d=\"M16.439-18.667h567.123v30.8S438.961-8.4 300-8.4C161.04-8.4 16.438 12.133 16.438 12.133v-30.8Z\" fill=\"#000\"\/><\/g><\/g><defs><clipPath id=\"a\"><path fill=\"#fff\" d=\"M0 0h600v28H0z\"\/><\/clipPath><filter id=\"c\" x=\"5.438\" y=\"-29.667\" width=\"589.123\" height=\"52.8\" filterUnits=\"userSpaceOnUse\" color-interpolation-filters=\"sRGB\"><feFlood flood-opacity=\"0\" result=\"BackgroundImageFix\"\/><feBlend in=\"SourceGraphic\" in2=\"BackgroundImageFix\" result=\"shape\"\/><feGaussianBlur stdDeviation=\"5.5\" result=\"effect1_foregroundBlur_3983_183\"\/><\/filter><\/defs><\/svg><\/div><\/div><\/div><div class=\"fusion-sep-clear\"><\/div><div class=\"fusion-separator fusion-full-width-sep\" style=\"margin-left: auto;margin-right: auto;margin-top:20px;margin-bottom:20px;width:100%;\"><div class=\"fusion-separator-border sep-shadow\" style=\"--awb-height:20px;--awb-amount:20px;background:radial-gradient(ellipse at 50% -50% , #e0dede 0px, rgba(255, 255, 255, 0) 80%) repeat scroll 0 0 rgba(0, 0, 0, 0);background:-webkit-radial-gradient(ellipse at 50% -50% , #e0dede 0px, rgba(255, 255, 255, 0) 80%) repeat scroll 0 0 rgba(0, 0, 0, 0);background:-moz-radial-gradient(ellipse at 50% -50% , #e0dede 0px, rgba(255, 255, 255, 0) 80%) repeat scroll 0 0 rgba(0, 0, 0, 0);background:-o-radial-gradient(ellipse at 50% -50% , #e0dede 0px, rgba(255, 255, 255, 0) 80%) repeat scroll 0 0 rgba(0, 0, 0, 0);\"><\/div><\/div><div class=\"fusion-sep-clear\"><\/div><div class=\"fusion-text fusion-text-1\"><p style=\"text-align: justify;\">Les ondes de choc sont des ondes acoustiques avec un sommet d\u2019\u00e9nergie extr\u00eamement haut comme ceux qui se produisent dans l\u2019atmosph\u00e8re suite \u00e0 un ph\u00e9nom\u00e8ne d\u2019explosion tel qu\u2019un coup de foudre ou une explosion sonique. Une onde de choc diff\u00e8re de l\u2019ultrason par son amplitude de pression extr\u00eamement large. De plus, l\u2019ultrason consiste habituellement en une oscillation p\u00e9riodique tandis qu\u2019une onde de choc est une simple impulsion.<\/p>\n<p style=\"text-align: justify;\">La th\u00e9rapie par ondes de choc extracorporelles (TOCE) est l\u2019application des ondes de choc en m\u00e9decine.<\/p>\n<p style=\"text-align: justify;\">Lorsqu\u2019elles sont appliqu\u00e9es sur des tissus l\u00e9s\u00e9s, les ondes de pression stimulent les r\u00e9actions m\u00e9taboliques. C\u2019est cliniquement prouv\u00e9\u00a0:<\/p>\n<ul>\n<li style=\"text-align: justify;\"><strong>R\u00e9duction de la douleur ressentie par les fibres nerveuses<\/strong><\/li>\n<li style=\"text-align: justify;\"><strong>Augmentation de la circulation sanguine dans les tissus mous environnants<\/strong><\/li>\n<li style=\"text-align: justify;\"><strong>D\u00e9but du processus de gu\u00e9rison enclench\u00e9 par l\u2019activation des cellules souches\u00a0<\/strong><\/li>\n<\/ul>\n<\/div><div class=\"fusion-clearfix\"><\/div><\/div><\/div><div class=\"fusion-layout-column fusion_builder_column fusion-builder-column-1 fusion_builder_column_1_1 1_1 fusion-one-full fusion-column-first fusion-column-last\" style=\"--awb-bg-size:cover;\"><div class=\"fusion-column-wrapper fusion-column-has-shadow fusion-flex-column-wrapper-legacy\"><div class=\"fusion-title title fusion-title-2 fusion-sep-none fusion-title-text fusion-title-size-two\" style=\"--awb-margin-top-small:0px;--awb-margin-right-small:0px;--awb-margin-bottom-small:20px;--awb-margin-left-small:0px;\"><h2 class=\"fusion-title-heading title-heading-left fusion-responsive-typography-calculated\" style=\"margin:0;--fontSize:28;line-height:1.5;\"><p data-fontsize=\"34\" data-lineheight=\"47\">Evolution de la th\u00e9rapie par ondes de choc<\/p><\/h2><\/div><div class=\"fusion-text fusion-text-2\"><p style=\"text-align: justify;\">Les termes \u201cth\u00e9rapie par ondes de choc\u201d font r\u00e9f\u00e9rence aux impulsions m\u00e9caniques de pression qui s\u2019\u00e9tendent comme une vague au travers du corps humain. En 1980, la m\u00e9thode par ondes de choc a \u00e9t\u00e9 utilis\u00e9e pour la premi\u00e8re fois pour d\u00e9sint\u00e9grer des cailloux dans les reins d\u2019un patient (<em>Journal of Urology (Journal d\u2019urologie)<\/em>, 1982).<\/p>\n<\/div><div class=\"fusion-title title fusion-title-3 fusion-sep-none fusion-title-text fusion-title-size-two\" style=\"--awb-margin-top-small:0px;--awb-margin-right-small:0px;--awb-margin-bottom-small:20px;--awb-margin-left-small:0px;\"><h2 class=\"fusion-title-heading title-heading-left fusion-responsive-typography-calculated\" style=\"margin:0;--fontSize:28;line-height:1.5;\"><p data-fontsize=\"34\" data-lineheight=\"47\">Effet th\u00e9rapeutique des ondes de choc<\/p><\/h2><\/div><div class=\"fusion-text fusion-text-3\"><p style=\"text-align: justify;\" align=\"justify\">La th\u00e9rapie par ondes acoustiques extracorporelles (contrairement \u00e0 la lithotripsie) n\u2019est pas utilis\u00e9e pour d\u00e9sint\u00e9grer les tissus mais pour provoquer des effets biologiques extracellulaires et interstitielles microscopiques; ce qui inclut une r\u00e9g\u00e9n\u00e9ration du tissu. En th\u00e9rapie moderne de la douleur, l\u2019\u00e9nergie par ondes acoustiques est conduite du point d\u2019origine, qui est le g\u00e9n\u00e9rateur d\u2019ondes acoustiques (via un gel de couplage), aux r\u00e9gions du corps \u00e9prouvant la douleur. Ici, sa capacit\u00e9 curative est appliqu\u00e9e.<\/p>\n<p style=\"text-align: justify;\">Apr\u00e8s 4 ou 5 s\u00e9ances, plus de 80 % des patients indiquent ne plus ressentir de douleurs ou bien ressentir une tr\u00e8s nette diminution de la douleur.<\/p>\n<h3 style=\"text-align: justify;\" data-fontsize=\"20\" data-lineheight=\"30\">Avantages pour le patient :<\/h3>\n<ul style=\"text-align: justify;\">\n<li>Nombreux domaines d\u2019applications<\/li>\n<li>Traitement sans anesth\u00e9sie et non traumatisant<\/li>\n<li>Taux de gu\u00e9rison \u00e9lev\u00e9<\/li>\n<li>Qualit\u00e9 de vie et mobilit\u00e9 retrouv\u00e9es<\/li>\n<li>Th\u00e9rapie abordable<\/li>\n<li>Motivation par processus d\u2019\u00e9valuation visuelle avec le r\u00e9sultat VAS<\/li>\n<li>Taux de r\u00e9ussite de 80 %<\/li>\n<li>Temps de traitement r\u00e9duit : environ 10 minutes<\/li>\n<li>En moyenne 6-8 s\u00e9ances de traitement n\u00e9cessaires<\/li>\n<li>Alternative r\u00e9aliste \u00e0 la chirurgie<\/li>\n<\/ul>\n<\/div><div class=\"fusion-sep-clear\"><\/div><div class=\"fusion-separator fusion-full-width-sep\" style=\"margin-left: auto;margin-right: auto;margin-top:20px;margin-bottom:20px;width:100%;\"><div class=\"fusion-separator-border sep-shadow\" style=\"--awb-height:20px;--awb-amount:20px;background:radial-gradient(ellipse at 50% -50% , #e0dede 0px, rgba(255, 255, 255, 0) 80%) repeat scroll 0 0 rgba(0, 0, 0, 0);background:-webkit-radial-gradient(ellipse at 50% -50% , #e0dede 0px, rgba(255, 255, 255, 0) 80%) repeat scroll 0 0 rgba(0, 0, 0, 0);background:-moz-radial-gradient(ellipse at 50% -50% , #e0dede 0px, rgba(255, 255, 255, 0) 80%) repeat scroll 0 0 rgba(0, 0, 0, 0);background:-o-radial-gradient(ellipse at 50% -50% , #e0dede 0px, rgba(255, 255, 255, 0) 80%) repeat scroll 0 0 rgba(0, 0, 0, 0);\"><\/div><\/div><div class=\"fusion-sep-clear\"><\/div><div class=\"fusion-title title fusion-title-4 fusion-title-center fusion-title-text fusion-title-size-one\" style=\"--awb-margin-top-small:0px;--awb-margin-right-small:0px;--awb-margin-bottom-small:20px;--awb-margin-left-small:0px;\"><div class=\"title-sep-container title-sep-container-left\"><div class=\"title-sep sep-double sep-solid\" style=\"border-color:#e0dede;\"><\/div><\/div><span class=\"awb-title-spacer\"><\/span><h1 class=\"fusion-title-heading title-heading-center fusion-responsive-typography-calculated\" style=\"margin:0;--fontSize:34;line-height:1.41;\"><p style=\"text-align: center;\">Les 2 types d&rsquo;ondes de choc<\/p><\/h1><span class=\"awb-title-spacer\"><\/span><div class=\"title-sep-container title-sep-container-right\"><div class=\"title-sep sep-double sep-solid\" style=\"border-color:#e0dede;\"><\/div><\/div><\/div><div class=\"fusion-text fusion-text-4\"><p style=\"text-align: justify;\">Les ondes de choc radiales sont utilis\u00e9es depuis de nombreuses ann\u00e9es pour traiter les tendinopathies, votre cabinet de Kin\u00e9sith\u00e9rapie \u00e0 Bascharage utilise \u00e9galement les ondes de choc focales qui sont bien plus pr\u00e9cises et efficaces pour de nombreuses pathologies. De plus, toute les ondes de choc radiales ne se valent pas et peuvent \u00eatre une des raisons de la r\u00e9ussite ou de l&rsquo;\u00e9chec d&rsquo;un traitement.<\/p>\n<\/div><div class=\"fusion-clearfix\"><\/div><\/div><\/div><div class=\"fusion-layout-column fusion_builder_column fusion-builder-column-2 fusion_builder_column_1_2 1_2 fusion-one-half fusion-column-first\" style=\"--awb-bg-size:cover;width:50%;width:calc(50% - ( ( 4% ) * 0.5 ) );margin-right: 4%;\"><div class=\"fusion-column-wrapper fusion-column-has-shadow fusion-flex-column-wrapper-legacy\"><div class=\"fusion-title title fusion-title-5 fusion-sep-none fusion-title-center fusion-title-text fusion-title-size-two\" style=\"--awb-margin-top:0px;--awb-margin-top-small:0px;--awb-margin-right-small:0px;--awb-margin-bottom-small:20px;--awb-margin-left-small:0px;\"><h2 class=\"fusion-title-heading title-heading-center fusion-responsive-typography-calculated\" style=\"margin:0;--fontSize:28;line-height:1.5;\"><p data-fontsize=\"28\" data-lineheight=\"42\">Les ondes de choc radiales<\/p><\/h2><\/div><div class=\"fusion-text fusion-text-5\"><div class=\"page\" title=\"Page 4\">\n<div class=\"section\">\n<div class=\"layoutArea\">\n<div class=\"column\">\n<h3><strong>G\u00e9n\u00e9ration d&rsquo;ondes de choc balistiques<\/strong><\/h3>\n<div class=\"page\" title=\"Page 4\">\n<div class=\"section\">\n<div class=\"layoutArea\">\n<div class=\"column\">\n<p style=\"text-align: justify;\">L&rsquo;air comprim\u00e9 acc\u00e9l\u00e8re un projectile, qui percute un applicateur fixe \u00e0 une vitesse \u00e9lev\u00e9e (jusqu&rsquo;\u00e0 90 km\/h).\u00a0<strong>L\u2019\u00e9nergie cin\u00e9tique <\/strong>est <strong>convertie en une onde de choc lib\u00e9r\u00e9e <\/strong>dans le tissu cibl\u00e9 \u00e0 travers la peau.\u00a0<strong>Ces ondes de choc se propagent de fa\u00e7on radiale pour les larges zones \u00e0 traiter.<\/strong><\/p>\n<p><img decoding=\"async\" class=\"aligncenter size-large wp-image-1042\" src=\"https:\/\/pes-luxembourg.lu\/bascharage\/wp-content\/uploads\/sites\/2\/2019\/10\/Onde-de-choc-radiales-1024x437.png\" alt=\"\" width=\"1024\" height=\"437\" srcset=\"https:\/\/pes-luxembourg.lu\/bascharage\/wp-content\/uploads\/sites\/2\/2019\/10\/Onde-de-choc-radiales-200x85.png 200w, https:\/\/pes-luxembourg.lu\/bascharage\/wp-content\/uploads\/sites\/2\/2019\/10\/Onde-de-choc-radiales-300x128.png 300w, https:\/\/pes-luxembourg.lu\/bascharage\/wp-content\/uploads\/sites\/2\/2019\/10\/Onde-de-choc-radiales-400x171.png 400w, https:\/\/pes-luxembourg.lu\/bascharage\/wp-content\/uploads\/sites\/2\/2019\/10\/Onde-de-choc-radiales-600x256.png 600w, https:\/\/pes-luxembourg.lu\/bascharage\/wp-content\/uploads\/sites\/2\/2019\/10\/Onde-de-choc-radiales-768x328.png 768w, https:\/\/pes-luxembourg.lu\/bascharage\/wp-content\/uploads\/sites\/2\/2019\/10\/Onde-de-choc-radiales-800x342.png 800w, https:\/\/pes-luxembourg.lu\/bascharage\/wp-content\/uploads\/sites\/2\/2019\/10\/Onde-de-choc-radiales-940x400.png 940w, https:\/\/pes-luxembourg.lu\/bascharage\/wp-content\/uploads\/sites\/2\/2019\/10\/Onde-de-choc-radiales-1024x437.png 1024w, https:\/\/pes-luxembourg.lu\/bascharage\/wp-content\/uploads\/sites\/2\/2019\/10\/Onde-de-choc-radiales-1200x512.png 1200w\" sizes=\"(max-width: 1024px) 100vw, 1024px\" \/><\/p>\n<h3><strong>Caract\u00e9ristiques de pression des ondes de choc radiales<\/strong><\/h3>\n<div class=\"page\" title=\"Page 4\">\n<div class=\"section\">\n<div class=\"layoutArea\">\n<div class=\"page\" title=\"Page 4\">\n<div class=\"section\">\n<div class=\"layoutArea\">\n<div class=\"column\">\n<ol>\n<li>L&rsquo;onde de choc <strong>d\u00e9bute par une phase de compression qui propage des ondes de cisaillement dans le tissu<\/strong>.<\/li>\n<li>Elle est <strong>suivie d&rsquo;une phase de d\u00e9pression ou de tension qui g\u00e9n\u00e8re des bulles de cavitation<\/strong>.<\/li>\n<\/ol>\n<p><img decoding=\"async\" class=\"aligncenter size-large wp-image-1036\" src=\"https:\/\/pes-luxembourg.lu\/bascharage\/wp-content\/uploads\/sites\/2\/2019\/10\/Caract\u00e9ristiques-onde-de-choc-radiales-1024x574.png\" alt=\"\" width=\"1024\" height=\"574\" srcset=\"https:\/\/pes-luxembourg.lu\/bascharage\/wp-content\/uploads\/sites\/2\/2019\/10\/Caract\u00e9ristiques-onde-de-choc-radiales-200x112.png 200w, https:\/\/pes-luxembourg.lu\/bascharage\/wp-content\/uploads\/sites\/2\/2019\/10\/Caract\u00e9ristiques-onde-de-choc-radiales-300x168.png 300w, https:\/\/pes-luxembourg.lu\/bascharage\/wp-content\/uploads\/sites\/2\/2019\/10\/Caract\u00e9ristiques-onde-de-choc-radiales-400x224.png 400w, https:\/\/pes-luxembourg.lu\/bascharage\/wp-content\/uploads\/sites\/2\/2019\/10\/Caract\u00e9ristiques-onde-de-choc-radiales-600x337.png 600w, https:\/\/pes-luxembourg.lu\/bascharage\/wp-content\/uploads\/sites\/2\/2019\/10\/Caract\u00e9ristiques-onde-de-choc-radiales-768x431.png 768w, https:\/\/pes-luxembourg.lu\/bascharage\/wp-content\/uploads\/sites\/2\/2019\/10\/Caract\u00e9ristiques-onde-de-choc-radiales-800x449.png 800w, https:\/\/pes-luxembourg.lu\/bascharage\/wp-content\/uploads\/sites\/2\/2019\/10\/Caract\u00e9ristiques-onde-de-choc-radiales-1024x574.png 1024w, https:\/\/pes-luxembourg.lu\/bascharage\/wp-content\/uploads\/sites\/2\/2019\/10\/Caract\u00e9ristiques-onde-de-choc-radiales-1200x673.png 1200w, https:\/\/pes-luxembourg.lu\/bascharage\/wp-content\/uploads\/sites\/2\/2019\/10\/Caract\u00e9ristiques-onde-de-choc-radiales.png 1426w\" sizes=\"(max-width: 1024px) 100vw, 1024px\" \/><\/p>\n<p style=\"text-align: left;\">La densit\u00e9 de flux d&rsquo;\u00e9nergie (DE ou DFE) est repr\u00e9sent\u00e9e par la zone carr\u00e9e en dessous de la courbe de pression.<\/p>\n<h3><strong>Visualisation des ondes de choc radiales<\/strong><\/h3>\n<p><img decoding=\"async\" class=\"aligncenter size-full wp-image-1082\" src=\"https:\/\/pes-luxembourg.lu\/bascharage\/wp-content\/uploads\/sites\/2\/2019\/10\/Visualisation-ondes-de-choc-radiales-1.png\" alt=\"\" width=\"900\" height=\"1300\" srcset=\"https:\/\/pes-luxembourg.lu\/bascharage\/wp-content\/uploads\/sites\/2\/2019\/10\/Visualisation-ondes-de-choc-radiales-1-200x289.png 200w, https:\/\/pes-luxembourg.lu\/bascharage\/wp-content\/uploads\/sites\/2\/2019\/10\/Visualisation-ondes-de-choc-radiales-1-208x300.png 208w, https:\/\/pes-luxembourg.lu\/bascharage\/wp-content\/uploads\/sites\/2\/2019\/10\/Visualisation-ondes-de-choc-radiales-1-400x578.png 400w, https:\/\/pes-luxembourg.lu\/bascharage\/wp-content\/uploads\/sites\/2\/2019\/10\/Visualisation-ondes-de-choc-radiales-1-600x867.png 600w, https:\/\/pes-luxembourg.lu\/bascharage\/wp-content\/uploads\/sites\/2\/2019\/10\/Visualisation-ondes-de-choc-radiales-1-709x1024.png 709w, https:\/\/pes-luxembourg.lu\/bascharage\/wp-content\/uploads\/sites\/2\/2019\/10\/Visualisation-ondes-de-choc-radiales-1-768x1109.png 768w, https:\/\/pes-luxembourg.lu\/bascharage\/wp-content\/uploads\/sites\/2\/2019\/10\/Visualisation-ondes-de-choc-radiales-1-800x1156.png 800w, https:\/\/pes-luxembourg.lu\/bascharage\/wp-content\/uploads\/sites\/2\/2019\/10\/Visualisation-ondes-de-choc-radiales-1.png 900w\" sizes=\"(max-width: 900px) 100vw, 900px\" \/><\/p>\n<\/div>\n<\/div>\n<\/div>\n<\/div>\n<\/div>\n<\/div>\n<\/div>\n<\/div>\n<\/div>\n<\/div>\n<\/div>\n<\/div>\n<\/div>\n<\/div>\n<\/div>\n<\/div><div class=\"fusion-clearfix\"><\/div><\/div><\/div><div class=\"fusion-layout-column fusion_builder_column fusion-builder-column-3 fusion_builder_column_1_2 1_2 fusion-one-half fusion-column-last\" style=\"--awb-bg-size:cover;width:50%;width:calc(50% - ( ( 4% ) * 0.5 ) );\"><div class=\"fusion-column-wrapper fusion-column-has-shadow fusion-flex-column-wrapper-legacy\"><div class=\"fusion-title title fusion-title-6 fusion-sep-none fusion-title-center fusion-title-text fusion-title-size-two\" style=\"--awb-margin-top:0px;--awb-margin-top-small:0px;--awb-margin-right-small:0px;--awb-margin-bottom-small:20px;--awb-margin-left-small:0px;\"><h2 class=\"fusion-title-heading title-heading-center fusion-responsive-typography-calculated\" style=\"margin:0;--fontSize:28;line-height:1.5;\"><p data-fontsize=\"28\" data-lineheight=\"42\">Les ondes de choc focales<\/p><\/h2><\/div><div class=\"fusion-text fusion-text-6\"><div class=\"page\" title=\"Page 4\">\n<div class=\"section\">\n<div class=\"layoutArea\">\n<div class=\"column\">\n<h3><strong>G\u00e9n\u00e9ration d&rsquo;ondes de choc pi\u00e9zoc\u00e9ramiques<\/strong><\/h3>\n<div class=\"page\" title=\"Page 4\">\n<div class=\"section\">\n<div class=\"layoutArea\">\n<div class=\"column\">\n<div class=\"page\" title=\"Page 5\">\n<div class=\"section\">\n<div class=\"layoutArea\">\n<div class=\"column\">\n<p style=\"text-align: justify;\">Une haute tension est appliqu\u00e9e sur 1\u00a0000\u00a0cristaux pi\u00e9zoc\u00e9ramiques, g\u00e9n\u00e9rant de ce fait <strong>des ondes de pression<\/strong>. Celles-ci <strong>p\u00e9n\u00e8trent la peau et traversent le tissu en se concentrant sur un volume<\/strong> de la forme d\u2019un cigare.<\/p>\n<\/div>\n<\/div>\n<\/div>\n<\/div>\n<p><img decoding=\"async\" class=\"aligncenter size-large wp-image-1049\" src=\"https:\/\/pes-luxembourg.lu\/bascharage\/wp-content\/uploads\/sites\/2\/2019\/10\/Ondes-de-choc-focales-1024x452.png\" alt=\"\" width=\"1024\" height=\"452\" srcset=\"https:\/\/pes-luxembourg.lu\/bascharage\/wp-content\/uploads\/sites\/2\/2019\/10\/Ondes-de-choc-focales-200x88.png 200w, https:\/\/pes-luxembourg.lu\/bascharage\/wp-content\/uploads\/sites\/2\/2019\/10\/Ondes-de-choc-focales-300x132.png 300w, https:\/\/pes-luxembourg.lu\/bascharage\/wp-content\/uploads\/sites\/2\/2019\/10\/Ondes-de-choc-focales-400x177.png 400w, https:\/\/pes-luxembourg.lu\/bascharage\/wp-content\/uploads\/sites\/2\/2019\/10\/Ondes-de-choc-focales-600x265.png 600w, https:\/\/pes-luxembourg.lu\/bascharage\/wp-content\/uploads\/sites\/2\/2019\/10\/Ondes-de-choc-focales-768x339.png 768w, https:\/\/pes-luxembourg.lu\/bascharage\/wp-content\/uploads\/sites\/2\/2019\/10\/Ondes-de-choc-focales-800x353.png 800w, https:\/\/pes-luxembourg.lu\/bascharage\/wp-content\/uploads\/sites\/2\/2019\/10\/Ondes-de-choc-focales-1024x452.png 1024w, https:\/\/pes-luxembourg.lu\/bascharage\/wp-content\/uploads\/sites\/2\/2019\/10\/Ondes-de-choc-focales-1200x530.png 1200w\" sizes=\"(max-width: 1024px) 100vw, 1024px\" \/><\/p>\n<h3><strong>Caract\u00e9ristiques de pression des ondes de choc radiales<\/strong><\/h3>\n<div class=\"page\" title=\"Page 5\">\n<div class=\"section\">\n<div class=\"layoutArea\">\n<div class=\"column\">\n<ol>\n<li>La phase de compression\u00a0des ondes de choc extracorporelles focalis\u00e9es est habituellement plus courte que les ondes de choc extracorporelles radiales et la <strong>pression maximale P+ est habituellement sup\u00e9rieure<\/strong> <strong>que dans la TOCE radiale<\/strong>.<\/li>\n<\/ol>\n<\/div>\n<\/div>\n<\/div>\n<\/div>\n<p><img decoding=\"async\" class=\"aligncenter size-large wp-image-1055\" src=\"https:\/\/pes-luxembourg.lu\/bascharage\/wp-content\/uploads\/sites\/2\/2019\/10\/Caract\u00e9ristiques-onde-de-choc-focales-1024x557.png\" alt=\"\" width=\"1024\" height=\"557\" srcset=\"https:\/\/pes-luxembourg.lu\/bascharage\/wp-content\/uploads\/sites\/2\/2019\/10\/Caract\u00e9ristiques-onde-de-choc-focales-200x109.png 200w, https:\/\/pes-luxembourg.lu\/bascharage\/wp-content\/uploads\/sites\/2\/2019\/10\/Caract\u00e9ristiques-onde-de-choc-focales-300x163.png 300w, https:\/\/pes-luxembourg.lu\/bascharage\/wp-content\/uploads\/sites\/2\/2019\/10\/Caract\u00e9ristiques-onde-de-choc-focales-400x217.png 400w, https:\/\/pes-luxembourg.lu\/bascharage\/wp-content\/uploads\/sites\/2\/2019\/10\/Caract\u00e9ristiques-onde-de-choc-focales-600x326.png 600w, https:\/\/pes-luxembourg.lu\/bascharage\/wp-content\/uploads\/sites\/2\/2019\/10\/Caract\u00e9ristiques-onde-de-choc-focales-768x417.png 768w, https:\/\/pes-luxembourg.lu\/bascharage\/wp-content\/uploads\/sites\/2\/2019\/10\/Caract\u00e9ristiques-onde-de-choc-focales-800x435.png 800w, https:\/\/pes-luxembourg.lu\/bascharage\/wp-content\/uploads\/sites\/2\/2019\/10\/Caract\u00e9ristiques-onde-de-choc-focales-1024x557.png 1024w, https:\/\/pes-luxembourg.lu\/bascharage\/wp-content\/uploads\/sites\/2\/2019\/10\/Caract\u00e9ristiques-onde-de-choc-focales-1200x652.png 1200w\" sizes=\"(max-width: 1024px) 100vw, 1024px\" \/>La TOCE focalis\u00e9e et la TOCE radiale peuvent toutes deux atteindre une DE+ de 0,4\u00a0mJ\/mm2, une valeur qui a fait ses preuves pour presque toutes les indications de TOCE sur le syst\u00e8me musculo-squelettique et la peau.<\/p>\n<h3><strong>Visualisation des ondes de choc focales<\/strong><\/h3>\n<p><img decoding=\"async\" class=\"aligncenter size-full wp-image-1076\" src=\"https:\/\/pes-luxembourg.lu\/bascharage\/wp-content\/uploads\/sites\/2\/2019\/10\/Visualisation-ondes-de-choc-focales-1.png\" alt=\"\" width=\"900\" height=\"1300\" srcset=\"https:\/\/pes-luxembourg.lu\/bascharage\/wp-content\/uploads\/sites\/2\/2019\/10\/Visualisation-ondes-de-choc-focales-1-200x289.png 200w, https:\/\/pes-luxembourg.lu\/bascharage\/wp-content\/uploads\/sites\/2\/2019\/10\/Visualisation-ondes-de-choc-focales-1-208x300.png 208w, https:\/\/pes-luxembourg.lu\/bascharage\/wp-content\/uploads\/sites\/2\/2019\/10\/Visualisation-ondes-de-choc-focales-1-400x578.png 400w, https:\/\/pes-luxembourg.lu\/bascharage\/wp-content\/uploads\/sites\/2\/2019\/10\/Visualisation-ondes-de-choc-focales-1-600x867.png 600w, https:\/\/pes-luxembourg.lu\/bascharage\/wp-content\/uploads\/sites\/2\/2019\/10\/Visualisation-ondes-de-choc-focales-1-709x1024.png 709w, https:\/\/pes-luxembourg.lu\/bascharage\/wp-content\/uploads\/sites\/2\/2019\/10\/Visualisation-ondes-de-choc-focales-1-768x1109.png 768w, https:\/\/pes-luxembourg.lu\/bascharage\/wp-content\/uploads\/sites\/2\/2019\/10\/Visualisation-ondes-de-choc-focales-1-800x1156.png 800w, https:\/\/pes-luxembourg.lu\/bascharage\/wp-content\/uploads\/sites\/2\/2019\/10\/Visualisation-ondes-de-choc-focales-1.png 900w\" sizes=\"(max-width: 900px) 100vw, 900px\" \/><\/p>\n<\/div>\n<\/div>\n<\/div>\n<\/div>\n<\/div>\n<\/div>\n<\/div>\n<\/div>\n<\/div><div class=\"fusion-clearfix\"><\/div><\/div><\/div><div class=\"fusion-layout-column fusion_builder_column fusion-builder-column-4 fusion_builder_column_1_1 1_1 fusion-one-full fusion-column-first fusion-column-last\" style=\"--awb-bg-size:cover;\"><div class=\"fusion-column-wrapper fusion-column-has-shadow fusion-flex-column-wrapper-legacy\"><div class=\"fusion-sep-clear\"><\/div><div class=\"fusion-separator fusion-full-width-sep\" style=\"margin-left: auto;margin-right: auto;margin-top:20px;margin-bottom:20px;width:100%;\"><div class=\"fusion-separator-border sep-shadow\" style=\"--awb-height:20px;--awb-amount:20px;background:radial-gradient(ellipse at 50% -50% , #e0dede 0px, rgba(255, 255, 255, 0) 80%) repeat scroll 0 0 rgba(0, 0, 0, 0);background:-webkit-radial-gradient(ellipse at 50% -50% , #e0dede 0px, rgba(255, 255, 255, 0) 80%) repeat scroll 0 0 rgba(0, 0, 0, 0);background:-moz-radial-gradient(ellipse at 50% -50% , #e0dede 0px, rgba(255, 255, 255, 0) 80%) repeat scroll 0 0 rgba(0, 0, 0, 0);background:-o-radial-gradient(ellipse at 50% -50% , #e0dede 0px, rgba(255, 255, 255, 0) 80%) repeat scroll 0 0 rgba(0, 0, 0, 0);\"><\/div><\/div><div class=\"fusion-sep-clear\"><\/div><div class=\"fusion-title title fusion-title-7 fusion-title-center fusion-title-text fusion-title-size-one\" style=\"--awb-margin-top-small:0px;--awb-margin-right-small:0px;--awb-margin-bottom-small:20px;--awb-margin-left-small:0px;\"><div class=\"title-sep-container title-sep-container-left\"><div class=\"title-sep sep-double sep-solid\" style=\"border-color:#e0dede;\"><\/div><\/div><span class=\"awb-title-spacer\"><\/span><h1 class=\"fusion-title-heading title-heading-center fusion-responsive-typography-calculated\" style=\"margin:0;--fontSize:34;line-height:1.41;\"><p style=\"text-align: center;\">Les 2 grands impacts dans la th\u00e9rapie par ondes de choc<\/p><\/h1><span class=\"awb-title-spacer\"><\/span><div class=\"title-sep-container title-sep-container-right\"><div class=\"title-sep sep-double sep-solid\" style=\"border-color:#e0dede;\"><\/div><\/div><\/div><div class=\"fusion-clearfix\"><\/div><\/div><\/div><div class=\"fusion-layout-column fusion_builder_column fusion-builder-column-5 fusion_builder_column_1_2 1_2 fusion-one-half fusion-column-first\" style=\"--awb-bg-size:cover;width:50%;width:calc(50% - ( ( 4% ) * 0.5 ) );margin-right: 4%;\"><div class=\"fusion-column-wrapper fusion-column-has-shadow fusion-flex-column-wrapper-legacy\"><div class=\"fusion-title title fusion-title-8 fusion-sep-none fusion-title-center fusion-title-text fusion-title-size-two\" style=\"--awb-margin-top:0px;--awb-margin-top-small:0px;--awb-margin-right-small:0px;--awb-margin-bottom-small:20px;--awb-margin-left-small:0px;\"><h2 class=\"fusion-title-heading title-heading-center fusion-responsive-typography-calculated\" style=\"margin:0;--fontSize:28;line-height:1.5;\"><p data-fontsize=\"28\" data-lineheight=\"42\">R\u00e9paration du tissu et croissance des cellules<\/p><\/h2><\/div><div class=\"fusion-text fusion-text-7\"><h3 style=\"text-align: justify;\" data-fontsize=\"20\" data-lineheight=\"30\"><strong>Croissance vers l\u2019int\u00e9rieur de n\u00e9ovascularisation :<\/strong><\/h3>\n<div style=\"text-align: justify;\">\n<p>Le flux sanguin d\u2019aliments est n\u00e9cessaire pour d\u00e9marrer et maintenir les proc\u00e9d\u00e9s de r\u00e9paration de la structure du tissu endommag\u00e9. L\u2019application d\u2019ondes acoustiques cr\u00e9e des microruptures capillaires dans le tendon et l\u2019os et augmente significativement l\u2019expression des indicateurs de croissance tels que\u00a0<em>eNOS, VEGF, PCNA<\/em>\u00a0et\u00a0<em>BMP<\/em>.<\/p>\n<p><img decoding=\"async\" class=\"aligncenter size-full wp-image-2222\" src=\"https:\/\/pes-moselle.fr\/yutz\/wp-content\/uploads\/sites\/2\/2014\/03\/Effets-ondes-de-choc.jpg\" alt=\"effets-ondes-de-choc\" width=\"983\" height=\"685\" \/><\/p>\n<\/div>\n<p style=\"text-align: justify;\">Ces deux proc\u00e9d\u00e9s stimulent la croissance et le remodelage de nouvelles art\u00e9rioles. Les nouveaux vaisseaux sanguins am\u00e9lioreront l\u2019apport sanguin et l\u2019oxyg\u00e9nation r\u00e9sultant avec la gu\u00e9rison plus rapide du tendon et de l\u2019os.<\/p>\n<h3 style=\"text-align: justify;\" data-fontsize=\"20\" data-lineheight=\"30\"><strong>Inversion de l\u2019inflammation chronique :<\/strong><\/h3>\n<p style=\"text-align: justify;\">L\u2019inflammation chronique se produit lorsque la r\u00e9action de l\u2019inflammation n\u2019est pas compl\u00e8tement arr\u00eat\u00e9e. Elle peut endommager des parties saines dans le corps et elle peut d\u00e9boucher sur des douleurs chroniques. L\u2019activit\u00e9 des mastocytes, impliqu\u00e9es dans le proc\u00e9d\u00e9 inflammatoire, peut \u00eatre accrue par des ondes acoustiques insinuantes. L\u2019activation des mastocytes peut \u00eatre suivie par la synth\u00e8se de ch\u00e9mokines et de cytokines. Le d\u00e9blocage de m\u00e9langes pro-inflammatoires, si n\u00e9cessaire, peut contribuer \u00e0 r\u00e9tablir la gu\u00e9rison normale et les proc\u00e9d\u00e9s r\u00e9g\u00e9n\u00e9rateurs.<\/p>\n<h3 style=\"text-align: justify;\" data-fontsize=\"20\" data-lineheight=\"30\"><strong>Stimulation du Collag\u00e8ne :<\/strong><\/h3>\n<p style=\"text-align: justify;\">La production de quantit\u00e9s suffisantes en collag\u00e8ne est une pr\u00e9condition n\u00e9cessaire pour le proc\u00e9d\u00e9 de r\u00e9paration du tissu. La th\u00e9rapie par ondes de choc acc\u00e9l\u00e8re la synth\u00e8se procollag\u00e8ne. Les fibres de collag\u00e8ne nouvellement cr\u00e9\u00e9es sont impos\u00e9es dans une structure longitudinale. Ces fibres de tendon nouvellement form\u00e9es sont plus denses et dures.<\/p>\n<p style=\"text-align: justify;\"><img decoding=\"async\" class=\"aligncenter size-full wp-image-2321\" src=\"https:\/\/pes-moselle.fr\/yutz\/wp-content\/uploads\/sites\/2\/2016\/11\/stimulation-du-collag\u00e8ne.jpg\" alt=\"stimulation-du-collagene\" width=\"1024\" height=\"492\" \/><\/p>\n<div style=\"text-align: justify;\">Les ondes acoustiques soutiennent la n\u00e9ovascularisation, la production de collag\u00e8nes et r\u00e9tablissent la cicatrisation mais elles permettent \u00e9galement une augmentation des facteurs de croissance, une augmentation des cellules souches m\u00e9senchymateuses et surtout une stimulation du m\u00e9tabolisme.<\/div>\n<\/div><div class=\"fusion-clearfix\"><\/div><\/div><\/div><div class=\"fusion-layout-column fusion_builder_column fusion-builder-column-6 fusion_builder_column_1_2 1_2 fusion-one-half fusion-column-last\" style=\"--awb-bg-size:cover;width:50%;width:calc(50% - ( ( 4% ) * 0.5 ) );\"><div class=\"fusion-column-wrapper fusion-column-has-shadow fusion-flex-column-wrapper-legacy\"><div class=\"fusion-title title fusion-title-9 fusion-sep-none fusion-title-center fusion-title-text fusion-title-size-two\" style=\"--awb-margin-top:0px;--awb-margin-top-small:0px;--awb-margin-right-small:0px;--awb-margin-bottom-small:20px;--awb-margin-left-small:0px;\"><h2 class=\"fusion-title-heading title-heading-center fusion-responsive-typography-calculated\" style=\"margin:0;--fontSize:28;line-height:1.5;\"><p data-fontsize=\"28\" data-lineheight=\"42\">Analg\u00e9sie et r\u00e9habilitation de la mobilit\u00e9<\/p><\/h2><\/div><div class=\"fusion-text fusion-text-8\"><div>\n<h3 style=\"text-align: justify;\" data-fontsize=\"20\" data-lineheight=\"30\"><strong>Dispersion du m\u00e9diateur de douleur Substance P :<\/strong><\/h3>\n<\/div>\n<p style=\"text-align: justify;\">La substance P est un neurotransmetteur qui sert de m\u00e9diateur pour l\u2019information de douleur via les fibres C. Ce neuropeptide est g\u00e9n\u00e9ralement associ\u00e9 \u00e0 une douleur chronique, persistante et intense. Elle est utilis\u00e9e pour relayer les messages de douleurs vers le syst\u00e8me nerveux central. La diminution de la concentration de substance P r\u00e9duit la stimulation de fibres nociceptives aff\u00e9rentes et, ainsi, r\u00e9duit la douleur. La diminution de la substance P, les histamines et d\u2019autres m\u00e9tabolites nociceptifs contribuent aussi \u00e0 inhiber le d\u00e9veloppement d\u2019un \u0153d\u00e8me inflammatoire.<\/p>\n<h3 style=\"text-align: justify;\" data-fontsize=\"20\" data-lineheight=\"30\"><strong>Dissolution des fibroblastes calcifi\u00e9s :<\/strong><\/h3>\n<p style=\"text-align: justify;\">Le d\u00e9p\u00f4t de calcium est le plus souvent le r\u00e9sultat de microd\u00e9chirures ou d\u2019un autre traumatisme du tendon. Les ondes acoustiques brisent les calcifications existantes. La th\u00e9rapie par ondes acoustiques amorce la d\u00e9calcification biochimique du d\u00e9p\u00f4t de calcium de consistance semblable \u00e0 du dentifrice et traite le tendon. Les particules granulaires de calcium sont enlev\u00e9es par le syst\u00e8me lymphatique.<\/p>\n<h5 style=\"text-align: center;\" data-fontsize=\"16\" data-lineheight=\"24\"><img decoding=\"async\" class=\"aligncenter wp-image-2226\" src=\"https:\/\/pes-moselle.fr\/yutz\/wp-content\/uploads\/sites\/2\/2014\/03\/Calcification.png\" alt=\"calcification\" width=\"282\" height=\"225\" \/>Images \u00e0 rayons x avant le traitement.<\/h5>\n<h5 style=\"text-align: center;\" data-fontsize=\"16\" data-lineheight=\"24\"><img decoding=\"async\" class=\"aligncenter wp-image-2225\" src=\"https:\/\/pes-moselle.fr\/yutz\/wp-content\/uploads\/sites\/2\/2014\/03\/Calcification-apres-onde-de-choc.png\" alt=\"calcification-apres-onde-de-choc\" width=\"272\" height=\"225\" \/>Images \u00e0 rayons x apr\u00e8s 3 s\u00e9ances d\u2019ondes de choc<\/h5>\n<h3 style=\"text-align: justify;\" data-fontsize=\"20\" data-lineheight=\"30\"><strong>Soulagement des points g\u00e2chette :<\/strong><\/h3>\n<p style=\"text-align: justify;\">Les points g\u00e2chettes sont la principale cause de douleur dans le dos, la nuque, les \u00e9paules et les extr\u00e9mit\u00e9s. Ils sont associ\u00e9s \u00e0 des nodules palpables en groupes tendus de fibres musculaires et leurs sarcom\u00e8res sont extr\u00eamement contract\u00e9s. Les sarcom\u00e8res dysfonctionnels se contractent si fort qu\u2019ils commencent \u00e0 couper leur propre apport sanguin. Cela cause un d\u00e9p\u00f4t de produits d\u00e9chet qui en retour irrite la terminaison nerveuse sensorielle, causant ensuite encore plus de contractions. Ce cercle vicieux est mentionn\u00e9 comme une \u201ccrise m\u00e9tabolique\u201d. Bien que les effets m\u00e9dicaux pr\u00e9cis de l\u2019onde acoustique ne sont toujours pas clairs, il peut \u00eatre affirm\u00e9 que l\u2019\u00e9nergie acoustique fournie d\u00e9bloque la \u201cpompe \u00e0 calcium\u201d. Ainsi, cela renverse la crise m\u00e9tabolique en myofilaments et soulage ces points g\u00e2chettes.<\/p>\n<p style=\"text-align: justify;\"><img decoding=\"async\" class=\"aligncenter size-full wp-image-2227\" src=\"https:\/\/pes-moselle.fr\/yutz\/wp-content\/uploads\/sites\/2\/2014\/03\/Trigger-point.jpg\" alt=\"trigger-point\" width=\"1024\" height=\"341\" \/><\/p>\n<p style=\"text-align: justify;\">Les ondes acoustiques soulagent les sarcom\u00e8res extr\u00eamement contract\u00e9s dans les points g\u00e2chettes.<\/p>\n<\/div><div class=\"fusion-clearfix\"><\/div><\/div><\/div><div class=\"fusion-layout-column fusion_builder_column fusion-builder-column-7 fusion_builder_column_1_1 1_1 fusion-one-full fusion-column-first fusion-column-last\" style=\"--awb-bg-size:cover;\"><div class=\"fusion-column-wrapper fusion-flex-column-wrapper-legacy\"><div class=\"fusion-sep-clear\"><\/div><div class=\"fusion-separator fusion-full-width-sep\" style=\"margin-left: auto;margin-right: auto;margin-top:20px;margin-bottom:20px;width:100%;\"><div class=\"fusion-separator-border sep-shadow\" style=\"--awb-height:20px;--awb-amount:20px;background:radial-gradient(ellipse at 50% -50% , #e0dede 0px, rgba(255, 255, 255, 0) 80%) repeat scroll 0 0 rgba(0, 0, 0, 0);background:-webkit-radial-gradient(ellipse at 50% -50% , #e0dede 0px, rgba(255, 255, 255, 0) 80%) repeat scroll 0 0 rgba(0, 0, 0, 0);background:-moz-radial-gradient(ellipse at 50% -50% , #e0dede 0px, rgba(255, 255, 255, 0) 80%) repeat scroll 0 0 rgba(0, 0, 0, 0);background:-o-radial-gradient(ellipse at 50% -50% , #e0dede 0px, rgba(255, 255, 255, 0) 80%) repeat scroll 0 0 rgba(0, 0, 0, 0);\"><\/div><\/div><div class=\"fusion-sep-clear\"><\/div><div class=\"fusion-title title fusion-title-10 fusion-title-center fusion-title-text fusion-title-size-one\" style=\"--awb-margin-top-small:0px;--awb-margin-right-small:0px;--awb-margin-bottom-small:20px;--awb-margin-left-small:0px;\"><div class=\"title-sep-container title-sep-container-left\"><div class=\"title-sep sep-double sep-solid\" style=\"border-color:#e0dede;\"><\/div><\/div><span class=\"awb-title-spacer\"><\/span><h1 class=\"fusion-title-heading title-heading-center fusion-responsive-typography-calculated\" style=\"margin:0;--fontSize:34;line-height:1.41;\"><p data-fontsize=\"34\" data-lineheight=\"47\">Domaines d\u2019application des ondes de choc<\/p><\/h1><span class=\"awb-title-spacer\"><\/span><div class=\"title-sep-container title-sep-container-right\"><div class=\"title-sep sep-double sep-solid\" style=\"border-color:#e0dede;\"><\/div><\/div><\/div><div class=\"fusion-text fusion-text-9\"><p style=\"text-align: justify;\">La th\u00e9rapie \u00e0 ondes de choc extracorporelle est le plus fr\u00e9quemment utilis\u00e9e en\u00a0<strong>physioth\u00e9rapie<\/strong>,\u00a0<strong>orthop\u00e9die<\/strong>\u00a0et\u00a0<strong>m\u00e9decine sportive<\/strong>.<\/p>\n<div id=\"content-2\">\n<div id=\"content-2\">\n<div style=\"text-align: justify;\" align=\"left\">Les\u00a0<strong>applications en physioth\u00e9rapie<\/strong>\u00a0sont le plus souvent associ\u00e9es au traitement de troubles chroniques des muscles et des tendons, du dos, des douleurs cervicales et des points g\u00e2chette. Par rapport \u00e0 la th\u00e9rapie conventionnelle, manuelle et instrumentale, l&rsquo;EMS DuoClast est extr\u00eamement efficace, il raccourcit le temps de traitement et fournit de meilleurs r\u00e9sultats pour un suivant \u00e0 long terme. Les indications les plus courantes comprennent :<\/div>\n<ul style=\"text-align: justify;\">\n<li>Des \u00e9paules douloureuses<\/li>\n<li>\u00c9picondylalgie lat\u00e9rale\/coude du joueur de tennis<\/li>\n<li>\u00c9picondylalgie m\u00e9diane\/coude du joueur de golf<\/li>\n<li>Des douleurs dans le bas du dos<\/li>\n<li>Des douleurs au tendon d\u2019Achille<\/li>\n<li>Tendinopathies et enth\u00e9sopathies chroniques en g\u00e9n\u00e9ral<\/li>\n<li>Un traitement des pointes g\u00e2chette<\/li>\n<li>Maladie de Dupuytren<\/li>\n<li>Maladie de Ledderhose<\/li>\n<\/ul>\n<div style=\"text-align: justify;\">Les\u00a0<strong>applications orthop\u00e9diques<\/strong>\u00a0des ondes de choc se concentrent sur le traitement des calcifications, des exostoses douloureuses, des diff\u00e9rentes tendinites et d\u2019une mauvaise consolidation de fracture. L&rsquo;EMS DuoClast apporte une alternative dans plusieurs cas lorsqu\u2019une solution chirurgicale semble \u00eatre in\u00e9vitable. Les principales indications sont :<\/div>\n<ul style=\"text-align: justify;\">\n<li>Une \u00e9paule bloqu\u00e9e<\/li>\n<li>Un\u00a0<em>periarthritis humeroscapularis<\/em><\/li>\n<li>Des changements arthrotiques\u00a0: sympt\u00f4mes secondaires<\/li>\n<li>Epine calcaneenne\/Fasciite plantaire<\/li>\n<li>Shin splints\/Syndrome tibial ant\u00e9rieur<\/li>\n<li>Tendinopathie patellaire<\/li>\n<li>Achillodynie<\/li>\n<li>Syndrome de douleur myofasciale<\/li>\n<\/ul>\n<div style=\"text-align: justify;\">La th\u00e9rapie par ondes de choc est tr\u00e8s souvent appliqu\u00e9e en\u00a0<strong>m\u00e9decine sportive<\/strong>\u00a0pour sa cicatrisation douce du tissu et son effet r\u00e9g\u00e9n\u00e9rateur. Ainsi, le temps de r\u00e9cup\u00e9ration apr\u00e8s des blessures peut \u00eatre r\u00e9duit au minimum. Les indications courantes sont les suivantes :<\/div>\n<ul style=\"text-align: justify;\">\n<li>Distension musculaire<\/li>\n<li>Traitement prolong\u00e9 de distorsion d\u2019articulation<\/li>\n<li>Douleurs \u00e0 la aine<\/li>\n<li>Douleurs \u00e0 la hanche<\/li>\n<li>Douleurs dans le bas du dos<\/li>\n<li>Achillodynie<\/li>\n<li>Syndrome de la bande iliotibiale<\/li>\n<\/ul>\n<p style=\"text-align: justify;\">La th\u00e9rapie par ondes de choc est la m\u00e9thode de traitement parfaite pour toutes les affections chroniques et musculosquelettiques complexes.<\/p>\n<\/div>\n<\/div>\n<\/div><div class=\"fusion-title title fusion-title-11 fusion-sep-none fusion-title-text fusion-title-size-two\" style=\"--awb-margin-top-small:0px;--awb-margin-right-small:0px;--awb-margin-bottom-small:20px;--awb-margin-left-small:0px;\"><h2 class=\"fusion-title-heading title-heading-left fusion-responsive-typography-calculated\" style=\"margin:0;--fontSize:28;line-height:1.5;\"><p data-fontsize=\"34\" data-lineheight=\"47\">Nouvelles indications de traitement par ondes de choc en m\u00e9decine du sport<\/p><\/h2><\/div><div class=\"fusion-text fusion-text-10\"><p style=\"text-align: justify;\">Cette th\u00e9rapie peut \u00eatre utilis\u00e9e pour les troubles chroniques et aigu\u00ebs des tissus mous dans le domaine de la m\u00e9decine sportive. Derniers r\u00e9sultats prouvent l\u2019efficacit\u00e9 des ondes de choc dans la gu\u00e9rison des tensions musculaires, les ondes de choc r\u00e9duisent la p\u00e9riode de r\u00e9cup\u00e9ration et permettent le retour \u00e0 l\u2019endurance sportive compl\u00e8te.<\/p>\n<p dir=\"ltr\" style=\"text-align: justify;\" align=\"left\">Les indications de la m\u00e9decine du sport pour les ondes de choc sont :<\/p>\n<ul>\n<li style=\"text-align: justify;\"><strong>Gu\u00e9rison des tensions musculaires aigu\u00ebs<\/strong><\/li>\n<li style=\"text-align: justify;\"><strong>Soutien de la r\u00e9g\u00e9n\u00e9ration musculaire<\/strong><\/li>\n<li style=\"text-align: justify;\"><strong>Spasmes musculaires aigu\u00ebs<\/strong><\/li>\n<li style=\"text-align: justify;\"><strong>Genou du sauteur<\/strong><\/li>\n<li style=\"text-align: justify;\"><strong>Epicondylite<\/strong><\/li>\n<li style=\"text-align: justify;\"><strong>Epaule douloureuse<\/strong><\/li>\n<li style=\"text-align: justify;\"><strong>Douleur \u00e0 la aine<\/strong><\/li>\n<li style=\"text-align: justify;\"><strong>Achillodynie<\/strong><\/li>\n<li style=\"text-align: justify;\">\u2026<\/li>\n<\/ul>\n<\/div><div class=\"fusion-testimonials classic awb-speech-bubble-show fusion-testimonials-1\" style=\"--awb-textcolor:#747474;--awb-backgroundcolor:#f6f6f6;--awb-testimonial-border-style:solid;--awb-testimonial-border-color:var(--awb-color3);--awb-border-top-left-radius:0px;--awb-border-top-right-radius:0px;--awb-border-bottom-left-radius:0px;--awb-border-bottom-right-radius:0px;--testimonial-border-width-top:0px;--testimonial-border-width-right:0px;--testimonial-border-width-bottom:0px;--testimonial-border-width-left:0px;\" data-random=\"0\" data-speed=\"4000\"><div class=\"reviews\"><div class=\"review active-testimonial male\"><blockquote><div class=\"awb-quote\"><div class=\"awb-quote-content\">\n<p style=\"text-align: justify;\">En cas de blessure musculaire aigu\u00eb, la th\u00e9rapie par ondes de choc fait partie de ma proc\u00e9dure th\u00e9rapeutique standard. J\u2019ai r\u00e9ussi \u00e0 les utiliser pour tous mes patients, parmi les meilleurs joueurs de tennis mondial, dont Tomas Berdych (finaliste de Wimbledon de 2010) et d\u2019autres membres de l\u2019\u00e9quipe tch\u00e8que de Coupe Davis<\/p>\n<\/div><\/div><span class=\"awb-triangle\"><\/span><\/blockquote><div class=\"author\"><span class=\"testimonial-thumbnail doe\"><\/span><span class=\"company-name\"><strong>Dr. Ren\u00e9 Kloc<\/strong><span>, <\/span><span>Club de tennis Prostejov, R\u00e9publique tch\u00e8que<\/span><\/span><\/div><\/div><div class=\"review male\"><blockquote><div class=\"awb-quote\"><div class=\"awb-quote-content\">\n<p style=\"text-align: justify;\">J\u2019ai eu un cas d\u2019un joueur de badminton avec une achillodynie bilat\u00e9rale. Apr\u00e8s le quatri\u00e8me traitement il y avait encore une certaine douleur, mais un mois apr\u00e8s le dernier traitement la douleur avait compl\u00e8tement disparu.<\/p>\n<\/div><\/div><span class=\"awb-triangle\"><\/span><\/blockquote><div class=\"author\"><span class=\"testimonial-thumbnail doe\"><\/span><span class=\"company-name\"><strong>Galv\u00e3o Filipa<\/strong><span>, <\/span><span>Kin\u00e9sith\u00e9rapeute, CLINUS, Portugal<\/span><\/span><\/div><\/div><div class=\"review male\"><blockquote><div class=\"awb-quote\"><div class=\"awb-quote-content\">\n<p style=\"text-align: justify;\">Cette th\u00e9rapie est une m\u00e9thode novatrice pour le traitement du syst\u00e8me musculo-squelettique en kin\u00e9sith\u00e9rapie du sport. C\u2019est une m\u00e9thode non-invasive, s\u00fbre et efficace. En environ 10 jours, la th\u00e9rapie par ondes de choc peut r\u00e9duire la douleur dans 84% des cas.<\/p>\n<\/div><\/div><span class=\"awb-triangle\"><\/span><\/blockquote><div class=\"author\"><span class=\"testimonial-thumbnail doe\"><\/span><span class=\"company-name\"><strong>Dr.Krzysztof Kijewski PhD<\/strong><span>, <\/span><span>Olympic Medical Centre, Varsovie, Pologne<\/span><\/span><\/div><\/div><div class=\"review male\"><blockquote><div class=\"awb-quote\"><div class=\"awb-quote-content\">\n<p style=\"text-align: justify;\">Cette th\u00e9rapie est une approche \u00e0 favoriser dans une partie de traitement complexe concentr\u00e9e sur l\u2019optimisation de l\u2019inflammation et la r\u00e9duction de l\u2019intervalle de gu\u00e9rison. L\u00b4activation pr\u00e9coce du muscle l\u00e9s\u00e9 et la stimulation avec les ondes de choc jouent un r\u00f4le crucial dans la r\u00e9cup\u00e9ration des muscles plus rapide.<\/p>\n<\/div><\/div><span class=\"awb-triangle\"><\/span><\/blockquote><div class=\"author\"><span class=\"testimonial-thumbnail doe\"><\/span><span class=\"company-name\"><strong>Dr. Milos Barna<\/strong><span>, <\/span><span>Sp\u00e9cialiste en m\u00e9decine sportive, Vulcano Medical Centre, Prague, R\u00e9publique tch\u00e8que<\/span><\/span><\/div><\/div><\/div><\/div><div class=\"fusion-title title fusion-title-12 fusion-sep-none fusion-title-text fusion-title-size-two\" style=\"--awb-margin-top-small:0px;--awb-margin-right-small:0px;--awb-margin-bottom-small:20px;--awb-margin-left-small:0px;\"><h2 class=\"fusion-title-heading title-heading-left fusion-responsive-typography-calculated\" style=\"margin:0;--fontSize:28;line-height:1.5;\"><p data-fontsize=\"34\" data-lineheight=\"47\">Cryoth\u00e9rapie associ\u00e9e aux Ondes de Choc<\/p><\/h2><\/div><div class=\"fusion-text fusion-text-11\"><p style=\"text-align: justify;\">La cryoth\u00e9rapie associ\u00e9e \u00e0 l\u2019onde de choc est un must !<\/p>\n<p style=\"text-align: justify;\">La th\u00e9rapie par ondes de choc peut s\u2019av\u00e9rer inconfortable, voire douloureuse. Il existe \u00e9galement un risque de contusion. L\u2019utilisation de la cryoth\u00e9rapie <strong>AVANT<\/strong> une th\u00e9rapie par ondes de choc est b\u00e9n\u00e9fique :<\/p>\n<ul style=\"text-align: justify;\">\n<li>Son\u00a0<strong>effet analg\u00e9sique<\/strong>\u00a0rend le traitement totalement indolore et offre plus de confort au patient. Il est ainsi possible d\u2019utiliser des param\u00e8tres appropri\u00e9s qui am\u00e9liorent l\u2019efficacit\u00e9 de la th\u00e9rapie.<\/li>\n<li>Les\u00a0<strong>effets vasomoteurs<\/strong>\u00a0diminuent le risque de contusion provoqu\u00e9 par la th\u00e9rapie par ondes de choc.<\/li>\n<li><strong>L\u2019\u00e9chappement<\/strong>\u00a0vous permet d\u2019am\u00e9liorer le processus de gu\u00e9rison et d\u2019augmenter l\u2019efficacit\u00e9 de la th\u00e9rapie.<\/li>\n<\/ul>\n<p style=\"text-align: justify;\">La cryoth\u00e9rapie (choc thermique), associ\u00e9e aux ondes de choc am\u00e9liore le confort du patient, rend la th\u00e9rapie plus douce et augmente l\u2019efficacit\u00e9.\u00a0La cryoth\u00e9rapie est l\u2019application th\u00e9rapeutique du froid qui peut \u00eatre obtenu de diff\u00e9rentes fa\u00e7ons (glace, eau froide, linge humide, chlorure de m\u00e9thyle, gaz carbonique\u2026).<\/p>\n<\/div><div class=\"fusion-title title fusion-title-13 fusion-title-center fusion-title-text fusion-title-size-one\" style=\"--awb-margin-top-small:0px;--awb-margin-right-small:0px;--awb-margin-bottom-small:20px;--awb-margin-left-small:0px;\"><div class=\"title-sep-container title-sep-container-left\"><div class=\"title-sep sep-double sep-solid\" style=\"border-color:#e0dede;\"><\/div><\/div><span class=\"awb-title-spacer\"><\/span><h1 class=\"fusion-title-heading title-heading-center fusion-responsive-typography-calculated\" style=\"margin:0;--fontSize:34;line-height:1.41;\">Vos questions<\/h1><span class=\"awb-title-spacer\"><\/span><div class=\"title-sep-container title-sep-container-right\"><div class=\"title-sep sep-double sep-solid\" style=\"border-color:#e0dede;\"><\/div><\/div><\/div><div class=\"accordian fusion-accordian\" style=\"--awb-border-size:1px;--awb-icon-size:13px;--awb-content-font-size:16px;--awb-icon-alignment:left;--awb-hover-color:#f9f9f9;--awb-border-color:#cccccc;--awb-background-color:#ffffff;--awb-divider-color:#e0dede;--awb-divider-hover-color:#e0dede;--awb-icon-color:#ffffff;--awb-title-color:#333333;--awb-content-color:#747474;--awb-icon-box-color:#333333;--awb-toggle-hover-accent-color:#82c9f0;--awb-title-font-family:&quot;Open Sans&quot;;--awb-title-font-weight:400;--awb-title-font-style:normal;--awb-title-font-size:18px;--awb-content-font-family:&quot;Open Sans&quot;;--awb-content-font-style:normal;--awb-content-font-weight:400;\"><div class=\"panel-group fusion-toggle-icon-boxed\" id=\"accordion-351-1\"><div class=\"fusion-panel panel-default panel-794fc9bfd548cd101 fusion-toggle-has-divider\"><div class=\"panel-heading\"><h4 class=\"panel-title toggle\" id=\"toggle_794fc9bfd548cd101\"><a class=\"active\" aria-expanded=\"true\" aria-controls=\"794fc9bfd548cd101\" role=\"button\" data-toggle=\"collapse\" data-parent=\"#accordion-351-1\" data-target=\"#794fc9bfd548cd101\" href=\"#794fc9bfd548cd101\"><span class=\"fusion-toggle-icon-wrapper\" aria-hidden=\"true\"><i class=\"fa-fusion-box active-icon awb-icon-minus\" aria-hidden=\"true\"><\/i><i class=\"fa-fusion-box inactive-icon awb-icon-plus\" aria-hidden=\"true\"><\/i><\/span><span class=\"fusion-toggle-heading\">Quel est le taux de succ\u00e8s de la th\u00e9rapie par ondes de choc?<\/span><\/a><\/h4><\/div><div id=\"794fc9bfd548cd101\" class=\"panel-collapse collapse in\" aria-labelledby=\"toggle_794fc9bfd548cd101\"><div class=\"panel-body toggle-content fusion-clearfix\">\n<p style=\"text-align: justify;\">Le taux rapport\u00e9 de succ\u00e8s cliniques se situe entre 77 et 80% \u00e0 l\u2019\u00e9chelle mondiale. Chaque traitement est cumulatif et les r\u00e9sultats sont souvent ressentis apr\u00e8s trois ou quatre sessions. Vous pouvez m\u00eame ressentir une am\u00e9lioration dans votre condition (habituellement une r\u00e9duction de la douleur) apr\u00e8s le tout premier traitement.<\/p>\n<\/div><\/div><\/div><div class=\"fusion-panel panel-default panel-c5b88e465d9696672 fusion-toggle-has-divider\"><div class=\"panel-heading\"><h4 class=\"panel-title toggle\" id=\"toggle_c5b88e465d9696672\"><a aria-expanded=\"false\" aria-controls=\"c5b88e465d9696672\" role=\"button\" data-toggle=\"collapse\" data-parent=\"#accordion-351-1\" data-target=\"#c5b88e465d9696672\" href=\"#c5b88e465d9696672\"><span class=\"fusion-toggle-icon-wrapper\" aria-hidden=\"true\"><i class=\"fa-fusion-box active-icon awb-icon-minus\" aria-hidden=\"true\"><\/i><i class=\"fa-fusion-box inactive-icon awb-icon-plus\" aria-hidden=\"true\"><\/i><\/span><span class=\"fusion-toggle-heading\">Le traitement fait-il mal?<\/span><\/a><\/h4><\/div><div id=\"c5b88e465d9696672\" class=\"panel-collapse collapse \" aria-labelledby=\"toggle_c5b88e465d9696672\"><div class=\"panel-body toggle-content fusion-clearfix\">\n<p style=\"text-align: justify;\">Il peut y avoir des sensations de g\u00eane au cours du traitement. Cela d\u00e9pend du niveau de douleur que le patient conna\u00eet d\u00e9j\u00e0 dans cette partie. Cependant, comme les traitements ne durent qu\u2019environ cinq minutes, la plupart des patients sont capables de tol\u00e9rer assez bien cette g\u00eane. De plus, l\u2019intensit\u00e9 du traitement peut \u00eatre adapt\u00e9e au d\u00e9but de chaque session pour permettre des effets analg\u00e9siques.<\/p>\n<\/div><\/div><\/div><div class=\"fusion-panel panel-default panel-8f5ca9cac66ffe09a fusion-toggle-has-divider\"><div class=\"panel-heading\"><h4 class=\"panel-title toggle\" id=\"toggle_8f5ca9cac66ffe09a\"><a aria-expanded=\"false\" aria-controls=\"8f5ca9cac66ffe09a\" role=\"button\" data-toggle=\"collapse\" data-parent=\"#accordion-351-1\" data-target=\"#8f5ca9cac66ffe09a\" href=\"#8f5ca9cac66ffe09a\"><span class=\"fusion-toggle-icon-wrapper\" aria-hidden=\"true\"><i class=\"fa-fusion-box active-icon awb-icon-minus\" aria-hidden=\"true\"><\/i><i class=\"fa-fusion-box inactive-icon awb-icon-plus\" aria-hidden=\"true\"><\/i><\/span><span class=\"fusion-toggle-heading\">Une douleur sera-t-elle ressentie apr\u00e8s le traitement?<\/span><\/a><\/h4><\/div><div id=\"8f5ca9cac66ffe09a\" class=\"panel-collapse collapse \" aria-labelledby=\"toggle_8f5ca9cac66ffe09a\"><div class=\"panel-body toggle-content fusion-clearfix\">\n<p style=\"text-align: justify;\">La plupart des patients sentiront un soulagement imm\u00e9diat de la douleur apr\u00e8s le traitement. Cependant, ils peuvent ressentir une irritation dans la partie trait\u00e9e 2-4 heures apr\u00e8s le traitement. Cette irritation est connue pour \u00eatre tr\u00e8s tol\u00e9rable et elle peut durer de quelques heures \u00e0 plusieurs jours.<\/p>\n<\/div><\/div><\/div><div class=\"fusion-panel panel-default panel-23ca811396d8c4162 fusion-toggle-has-divider\"><div class=\"panel-heading\"><h4 class=\"panel-title toggle\" id=\"toggle_23ca811396d8c4162\"><a aria-expanded=\"false\" aria-controls=\"23ca811396d8c4162\" role=\"button\" data-toggle=\"collapse\" data-parent=\"#accordion-351-1\" data-target=\"#23ca811396d8c4162\" href=\"#23ca811396d8c4162\"><span class=\"fusion-toggle-icon-wrapper\" aria-hidden=\"true\"><i class=\"fa-fusion-box active-icon awb-icon-minus\" aria-hidden=\"true\"><\/i><i class=\"fa-fusion-box inactive-icon awb-icon-plus\" aria-hidden=\"true\"><\/i><\/span><span class=\"fusion-toggle-heading\">Et \u00e0 propos de l\u2019activit\u00e9 physique contre le repos suivant le traitement?<\/span><\/a><\/h4><\/div><div id=\"23ca811396d8c4162\" class=\"panel-collapse collapse \" aria-labelledby=\"toggle_23ca811396d8c4162\"><div class=\"panel-body toggle-content fusion-clearfix\">\n<p style=\"text-align: justify;\">Il est recommand\u00e9 aux patients de s\u2019abstenir d\u2019exercer une activit\u00e9 physique, particuli\u00e8rement une activit\u00e9 qui solliciterait la partie trait\u00e9e, pendant 48 heures apr\u00e8s chaque session de traitement.<\/p>\n<\/div><\/div><\/div><div class=\"fusion-panel panel-default panel-f188b837eb5f8c452 fusion-toggle-has-divider\"><div class=\"panel-heading\"><h4 class=\"panel-title toggle\" id=\"toggle_f188b837eb5f8c452\"><a aria-expanded=\"false\" aria-controls=\"f188b837eb5f8c452\" role=\"button\" data-toggle=\"collapse\" data-parent=\"#accordion-351-1\" data-target=\"#f188b837eb5f8c452\" href=\"#f188b837eb5f8c452\"><span class=\"fusion-toggle-icon-wrapper\" aria-hidden=\"true\"><i class=\"fa-fusion-box active-icon awb-icon-minus\" aria-hidden=\"true\"><\/i><i class=\"fa-fusion-box inactive-icon awb-icon-plus\" aria-hidden=\"true\"><\/i><\/span><span class=\"fusion-toggle-heading\">Combien de traitements faut-il et \u00e0 quelle fr\u00e9quence?<\/span><\/a><\/h4><\/div><div id=\"f188b837eb5f8c452\" class=\"panel-collapse collapse \" aria-labelledby=\"toggle_f188b837eb5f8c452\"><div class=\"panel-body toggle-content fusion-clearfix\">\n<p style=\"text-align: justify;\">Chaque session de traitement prend environ 5-10 minutes. La plupart des conditions requi\u00e8rent 8 \u00e0 12 sessions. Les traitements sont effectu\u00e9s \u00e0 5 \u00e0 7 jours d\u2019intervalle en fonction de la tol\u00e9rance du patient et de la r\u00e9action de son tissu.<\/p>\n<\/div><\/div><\/div><\/div><\/div><div class=\"fusion-clearfix\"><\/div><\/div><\/div><\/div><\/div>\n","protected":false},"excerpt":{"rendered":"","protected":false},"author":1,"featured_media":0,"parent":0,"menu_order":0,"comment_status":"closed","ping_status":"closed","template":"","meta":{"_seopress_robots_primary_cat":"","_seopress_titles_title":"","_seopress_titles_desc":"","_seopress_robots_index":"","footnotes":""},"class_list":["post-351","page","type-page","status-publish","hentry"],"_links":{"self":[{"href":"https:\/\/pes-luxembourg.lu\/bascharage\/wp-json\/wp\/v2\/pages\/351","targetHints":{"allow":["GET"]}}],"collection":[{"href":"https:\/\/pes-luxembourg.lu\/bascharage\/wp-json\/wp\/v2\/pages"}],"about":[{"href":"https:\/\/pes-luxembourg.lu\/bascharage\/wp-json\/wp\/v2\/types\/page"}],"author":[{"embeddable":true,"href":"https:\/\/pes-luxembourg.lu\/bascharage\/wp-json\/wp\/v2\/users\/1"}],"replies":[{"embeddable":true,"href":"https:\/\/pes-luxembourg.lu\/bascharage\/wp-json\/wp\/v2\/comments?post=351"}],"version-history":[{"count":0,"href":"https:\/\/pes-luxembourg.lu\/bascharage\/wp-json\/wp\/v2\/pages\/351\/revisions"}],"wp:attachment":[{"href":"https:\/\/pes-luxembourg.lu\/bascharage\/wp-json\/wp\/v2\/media?parent=351"}],"curies":[{"name":"wp","href":"https:\/\/api.w.org\/{rel}","templated":true}]}}