{"id":8452,"date":"2023-08-30T00:00:30","date_gmt":"2023-08-29T22:00:30","guid":{"rendered":"https:\/\/pes-luxembourg.lu\/bascharage\/bases-de-calculo-isocineticas-contrex\/"},"modified":"2024-01-12T22:25:23","modified_gmt":"2024-01-12T21:25:23","slug":"bases-de-calculo-isocineticas-contrex","status":"publish","type":"page","link":"https:\/\/pes-luxembourg.lu\/bascharage\/pt-pt\/bases-de-calculo-isocineticas-contrex\/","title":{"rendered":"Bases de c\u00e1lculo isocin\u00e9ticas Contrex"},"content":{"rendered":"<div class=\"fusion-fullwidth fullwidth-box fusion-builder-row-1 nonhundred-percent-fullwidth non-hundred-percent-height-scrolling\" style=\"--awb-border-radius-top-left:0px;--awb-border-radius-top-right:0px;--awb-border-radius-bottom-right:0px;--awb-border-radius-bottom-left:0px;--awb-flex-wrap:wrap;\" ><div class=\"fusion-builder-row fusion-row\"><div class=\"fusion-layout-column fusion_builder_column fusion-builder-column-0 fusion_builder_column_1_1 1_1 fusion-one-full fusion-column-first fusion-column-last\" style=\"--awb-bg-size:cover;\"><div class=\"fusion-column-wrapper fusion-column-has-shadow fusion-flex-column-wrapper-legacy\"><div class=\"fusion-title title fusion-title-1 fusion-title-center fusion-title-text fusion-title-size-one\" style=\"--awb-margin-top-small:10px;--awb-margin-right-small:0px;--awb-margin-bottom-small:10px;--awb-margin-left-small:0px;\"><div class=\"title-sep-container title-sep-container-left\"><div class=\"title-sep sep-double sep-solid\" style=\"border-color:#e0dede;\"><\/div><\/div><span class=\"awb-title-spacer\"><\/span><h1 class=\"fusion-title-heading title-heading-center fusion-responsive-typography-calculated\" style=\"margin:0;--fontSize:34;line-height:1.41;\">Isokinetismo<\/h1><span class=\"awb-title-spacer\"><\/span><div class=\"title-sep-container title-sep-container-right\"><div class=\"title-sep sep-double sep-solid\" style=\"border-color:#e0dede;\"><\/div><\/div><\/div><div class=\"fusion-image-element fusion-image-align-center in-legacy-container\" style=\"text-align:center;--awb-bottom-shadow-color:rgba(0,0,0,0.4);--awb-caption-title-font-family:var(--h2_typography-font-family);--awb-caption-title-font-weight:var(--h2_typography-font-weight);--awb-caption-title-font-style:var(--h2_typography-font-style);--awb-caption-title-size:var(--h2_typography-font-size);--awb-caption-title-transform:var(--h2_typography-text-transform);--awb-caption-title-line-height:var(--h2_typography-line-height);--awb-caption-title-letter-spacing:var(--h2_typography-letter-spacing);\"><div class=\"imageframe-align-center\"><div class=\"awb-image-frame awb-image-frame-1 awb-bottomshadow\"><span class=\" fusion-imageframe imageframe-bottomshadow imageframe-1 hover-type-none\" style=\"border:2px solid #f6f6f6;\"><img decoding=\"async\" width=\"2048\" height=\"682\" title=\"Isocin\u00e9tisme\" src=\"https:\/\/pes-luxembourg.lu\/bascharage\/wp-content\/uploads\/sites\/2\/2022\/11\/Isocinetisme.png\" alt class=\"img-responsive wp-image-8594\" srcset=\"https:\/\/pes-luxembourg.lu\/bascharage\/wp-content\/uploads\/sites\/2\/2022\/11\/Isocinetisme-200x67.png 200w, https:\/\/pes-luxembourg.lu\/bascharage\/wp-content\/uploads\/sites\/2\/2022\/11\/Isocinetisme-400x133.png 400w, https:\/\/pes-luxembourg.lu\/bascharage\/wp-content\/uploads\/sites\/2\/2022\/11\/Isocinetisme-600x200.png 600w, https:\/\/pes-luxembourg.lu\/bascharage\/wp-content\/uploads\/sites\/2\/2022\/11\/Isocinetisme-800x267.png 800w, https:\/\/pes-luxembourg.lu\/bascharage\/wp-content\/uploads\/sites\/2\/2022\/11\/Isocinetisme-1200x400.png 1200w, https:\/\/pes-luxembourg.lu\/bascharage\/wp-content\/uploads\/sites\/2\/2022\/11\/Isocinetisme.png 2048w\" sizes=\"(max-width: 800px) 100vw, 1200px\" \/><\/span><svg xmlns=\"http:\/\/www.w3.org\/2000\/svg\" version=\"1.1\" width=\"100%\" viewBox=\"0 0 600 28\" preserveAspectRatio=\"none\"><g clip-path=\"url(#a)\"><mask id=\"b\" style=\"mask-type:luminance\" maskUnits=\"userSpaceOnUse\" x=\"0\" y=\"0\" width=\"600\" height=\"28\"><path d=\"M0 0h600v28H0V0Z\" fill=\"#fff\"\/><\/mask><g filter=\"url(#c)\" mask=\"url(#b)\"><path d=\"M16.439-18.667h567.123v30.8S438.961-8.4 300-8.4C161.04-8.4 16.438 12.133 16.438 12.133v-30.8Z\" fill=\"#000\"\/><\/g><\/g><defs><clipPath id=\"a\"><path fill=\"#fff\" d=\"M0 0h600v28H0z\"\/><\/clipPath><filter id=\"c\" x=\"5.438\" y=\"-29.667\" width=\"589.123\" height=\"52.8\" filterUnits=\"userSpaceOnUse\" color-interpolation-filters=\"sRGB\"><feFlood flood-opacity=\"0\" result=\"BackgroundImageFix\"\/><feBlend in=\"SourceGraphic\" in2=\"BackgroundImageFix\" result=\"shape\"\/><feGaussianBlur stdDeviation=\"5.5\" result=\"effect1_foregroundBlur_3983_183\"\/><\/filter><\/defs><\/svg><\/div><\/div><\/div><div class=\"fusion-sep-clear\"><\/div><div class=\"fusion-separator fusion-full-width-sep\" style=\"margin-left: auto;margin-right: auto;margin-top:20px;margin-bottom:20px;width:100%;\"><div class=\"fusion-separator-border sep-shadow\" style=\"--awb-height:20px;--awb-amount:20px;background:radial-gradient(ellipse at 50% -50% , #e0dede 0px, rgba(255, 255, 255, 0) 80%) repeat scroll 0 0 rgba(0, 0, 0, 0);background:-webkit-radial-gradient(ellipse at 50% -50% , #e0dede 0px, rgba(255, 255, 255, 0) 80%) repeat scroll 0 0 rgba(0, 0, 0, 0);background:-moz-radial-gradient(ellipse at 50% -50% , #e0dede 0px, rgba(255, 255, 255, 0) 80%) repeat scroll 0 0 rgba(0, 0, 0, 0);background:-o-radial-gradient(ellipse at 50% -50% , #e0dede 0px, rgba(255, 255, 255, 0) 80%) repeat scroll 0 0 rgba(0, 0, 0, 0);\"><\/div><\/div><div class=\"fusion-sep-clear\"><\/div><div class=\"fusion-text fusion-text-1\"><h2 style=\"text-align: justify;\">Defini\u00e7\u00e3o<\/h2>\n<p style=\"text-align: justify;\">O isocinetismo refere-se a um modo de contra\u00e7\u00e3o muscular din\u00e2mica volunt\u00e1ria, cuja particularidade \u00e9 que se realiza a uma velocidade constante gra\u00e7as a uma resist\u00eancia auto-adaptada. Esta regula\u00e7\u00e3o da velocidade \u00e9 assegurada por um dispositivo externo denominado &#8220;dinam\u00f3metro isocin\u00e9tico&#8221;.  <span class=\"sw\">Ele<\/span> <span class=\"sw\">\u00e9<\/span> <span class=\"sw\">assim  <\/span><span class=\"sw\">diferente<\/span> <span class=\"sw\">de<\/span> <span class=\"sw\">trabalho<\/span> <span class=\"sw\">isot\u00f3nico  <\/span><span class=\"sw\">\u00e0<\/span> <span class=\"sw\">carga<\/span> <span class=\"sw\">constante<\/span> <span class=\"sw\">e<\/span> <span class=\"sw\">de<\/span> <span class=\"sw\">trabalho<\/span> <span class=\"sw\">isom\u00e9trico<\/span> <span class=\"sw\">ou<\/span> <span class=\"sw\">est\u00e1tico<\/span> <span class=\"sw\">\u00e0<\/span> <span class=\"sw\">comprimento  <\/span><span class=\"sw\">constante.<\/span><\/p>\n<p style=\"text-align: justify;\">O isocinetismo foi desenvolvido em 1967 em resposta a um pedido da NASA, que pretendia avaliar a atrofia muscular resultante da aus\u00eancia de peso nos voos espaciais. James PERRINE definiu as bases de um dinam\u00f3metro isocin\u00e9tico capaz de medir em tempo real todas as vari\u00e1veis do movimento de uma \u00fanica articula\u00e7\u00e3o.<\/p>\n<h2 style=\"text-align: justify;\">Princ\u00edpio de funcionamento<\/h2>\n<p style=\"text-align: justify;\">O doente actua sobre um mecanismo ou recetor. A sua a\u00e7\u00e3o n\u00e3o pode exceder a velocidade programada pelo seu fisioterapeuta. Enquanto o paciente se mantiver abaixo da velocidade programada, n\u00e3o h\u00e1 resist\u00eancia. O esfor\u00e7o torna-se significativo a partir do momento em que o doente atinge a velocidade pretendida. A resist\u00eancia da m\u00e1quina adapta-se sempre ao esfor\u00e7o necess\u00e1rio para manter uma velocidade constante. Se, por v\u00e1rias raz\u00f5es (aparecimento de dores, insufici\u00eancia muscular), o esfor\u00e7o desenvolvido pelo paciente diminuir, a resist\u00eancia do dinam\u00f3metro diminui para permitir que o paciente mantenha a sua velocidade de trabalho. Desta forma, utilizando um sensor, \u00e9 poss\u00edvel determinar a for\u00e7a desenvolvida pelo paciente em qualquer ponto do movimento.<\/p>\n<h2 style=\"text-align: justify;\">Descri\u00e7\u00e3o do CON-TREX MJ<\/h2>\n<p style=\"text-align: justify;\">O sistema isocin\u00e9tico multi-articular CON-TREX\u00ae MJ \u00e9 um sistema vers\u00e1til de teste, treino e terapia rotacional para testar e treinar todas as principais articula\u00e7\u00f5es, tanto do membro superior como do inferior, numa cadeia cin\u00e9tica aberta. O dinam\u00f3metro CON-TREX\u00ae MJ \u00e9 o modelo mais modular, permitindo obter resultados de ensaio objectivos e reprodut\u00edveis em todos os modos de trabalho. O design do CON-TREX\u00ae MJ \u00e9 extremamente ergon\u00f3mico: a posi\u00e7\u00e3o do banco, a dist\u00e2ncia entre eixos e o \u00e2ngulo do encosto podem ser ajustados eletronicamente com o toque de um bot\u00e3o. O assento e o encosto almofadados oferecem o m\u00e1ximo conforto, mesmo durante longas sess\u00f5es de treino. Al\u00e9m disso, s\u00e3o f\u00e1ceis de limpar e desinfetar.<br \/>\nSentado, deitado ou de p\u00e9: CON-TREX\u00ae MJ oferece a m\u00e1xima adaptabilidade em todas as situa\u00e7\u00f5es. \u00c9 utilizado para analisar a resist\u00eancia est\u00e1tica e din\u00e2mica de uma articula\u00e7\u00e3o. O objetivo do treino funcional da for\u00e7a muscular resultante \u00e9 a melhoria das capacidades de coordena\u00e7\u00e3o com poss\u00edvel monitoriza\u00e7\u00e3o e corre\u00e7\u00e3o durante o treino ou a terapia.<br \/>\nGra\u00e7as ao seu sistema de acess\u00f3rios, o CON-TREX\u00ae MJ pode ser ajustado de forma muito precisa para cada articula\u00e7\u00e3o, com a m\u00e1xima estabilidade. Os adaptadores s\u00e3o perfeitamente ajust\u00e1veis \u00e0 situa\u00e7\u00e3o anat\u00f3mica do paciente.<\/p>\n<p style=\"text-align: justify;\">Dependendo da dire\u00e7\u00e3o do movimento, existem diferentes tipos de carga muscular nos modos din\u00e2micos: conc\u00eantrico\/conc\u00eantrico, conc\u00eantrico\/ec\u00eantrico, exc\u00eantrico\/conc\u00eantrico e exc\u00eantrico\/ec\u00eantrico. O CON-TREX tem apenas os seguintes tipos de carga combinada: CON\/CPM, CPM\/ COIN, CPM\/ECC e ECC\/CPM.<\/p>\n<h2 style=\"text-align: justify;\">Principais caracter\u00edsticas<\/h2>\n<\/div><div class=\"fusion-tabs fusion-tabs-1 classic vertical-tabs icon-position-left mobile-mode-accordion\" style=\"--awb-title-border-radius-top-left:0px;--awb-title-border-radius-top-right:0px;--awb-title-border-radius-bottom-right:0px;--awb-title-border-radius-bottom-left:0px;--awb-alignment:start;--awb-inactive-color:#ebeaea;--awb-background-color:#ffffff;--awb-border-color:#ebeaea;--awb-active-border-color:#82c9f0;\"><div class=\"nav\"><ul class=\"nav-tabs\" role=\"tablist\" aria-orientation=\"vertical\"><li class=\"active\" role=\"presentation\"><a class=\"tab-link\" data-toggle=\"tab\" role=\"tab\" aria-controls=\"tab-8d6ff37c69a03053ab6\" aria-selected=\"true\" tabindex=\"0\" id=\"fusion-tab-8d6ff37c69a03053ab6\" href=\"#tab-8d6ff37c69a03053ab6\"><h4 class=\"fusion-tab-heading\"><i class=\"fontawesome-icon fa-bullseye fas\" aria-hidden=\"true\" style=\"font-size:13px;\"><\/i>Modo bal\u00edstico<\/h4><\/a><\/li><li  role=\"presentation\"><a class=\"tab-link\" data-toggle=\"tab\" role=\"tab\" aria-controls=\"tab-bba048fdd2ba105b2e3\" aria-selected=\"false\" tabindex=\"-1\" id=\"fusion-tab-bba048fdd2ba105b2e3\" href=\"#tab-bba048fdd2ba105b2e3\"><h4 class=\"fusion-tab-heading\"><i class=\"fontawesome-icon fa-balance-scale fas\" aria-hidden=\"true\" style=\"font-size:13px;\"><\/i>Compensa\u00e7\u00e3o ativa da gravidade<\/h4><\/a><\/li><li  role=\"presentation\"><a class=\"tab-link\" data-toggle=\"tab\" role=\"tab\" aria-controls=\"tab-95e715c5a9fbc752bfc\" aria-selected=\"false\" tabindex=\"-1\" id=\"fusion-tab-95e715c5a9fbc752bfc\" href=\"#tab-95e715c5a9fbc752bfc\"><h4 class=\"fusion-tab-heading\"><i class=\"fontawesome-icon fa-tachometer-alt fas\" aria-hidden=\"true\" style=\"font-size:13px;\"><\/i>Alta precis\u00e3o<\/h4><\/a><\/li><li  role=\"presentation\"><a class=\"tab-link\" data-toggle=\"tab\" role=\"tab\" aria-controls=\"tab-e4ce225d747fd8daf17\" aria-selected=\"false\" tabindex=\"-1\" id=\"fusion-tab-e4ce225d747fd8daf17\" href=\"#tab-e4ce225d747fd8daf17\"><h4 class=\"fusion-tab-heading\"><i class=\"fontawesome-icon fa-lock fas\" aria-hidden=\"true\" style=\"font-size:13px;\"><\/i>Seguran\u00e7a de 3 n\u00edveis<\/h4><\/a><\/li><li  role=\"presentation\"><a class=\"tab-link\" data-toggle=\"tab\" role=\"tab\" aria-controls=\"tab-32799fe7467f5439a52\" aria-selected=\"false\" tabindex=\"-1\" id=\"fusion-tab-32799fe7467f5439a52\" href=\"#tab-32799fe7467f5439a52\"><h4 class=\"fusion-tab-heading\"><i class=\"fontawesome-icon fa-map-marker fas\" aria-hidden=\"true\" style=\"font-size:13px;\"><\/i>Alinhamento e regula\u00e7\u00e3o<\/h4><\/a><\/li><\/ul><\/div><div class=\"tab-content\"><div class=\"nav fusion-mobile-tab-nav\"><ul class=\"nav-tabs\" role=\"tablist\" aria-orientation=\"vertical\"><li class=\"active\" role=\"presentation\"><a class=\"tab-link\" data-toggle=\"tab\" role=\"tab\" aria-controls=\"tab-8d6ff37c69a03053ab6\" aria-selected=\"true\" tabindex=\"0\" id=\"mobile-fusion-tab-8d6ff37c69a03053ab6\" href=\"#tab-8d6ff37c69a03053ab6\"><h4 class=\"fusion-tab-heading\"><i class=\"fontawesome-icon fa-bullseye fas\" aria-hidden=\"true\" style=\"font-size:13px;\"><\/i>Modo bal\u00edstico<\/h4><\/a><\/li><\/ul><\/div><div class=\"tab-pane fade fusion-clearfix in active\" role=\"tabpanel\" tabindex=\"0\" aria-labelledby=\"fusion-tab-8d6ff37c69a03053ab6\" id=\"tab-8d6ff37c69a03053ab6\">\n<div class=\"wpb_text_column wpb_content_element \">\n<div class=\"wpb_wrapper\">\n<p style=\"text-align: justify;\">O comportamento inovador do controlo bal\u00edstico permite acelera\u00e7\u00f5es mais elevadas e, por conseguinte, um movimento mais r\u00e1pido, atrav\u00e9s do pr\u00e9-c\u00e1lculo do movimento esperado. Isto resulta numa redu\u00e7\u00e3o significativa da influ\u00eancia dos momentos de in\u00e9rcia. No modo bal\u00edstico, \u00e9 poss\u00edvel efetuar movimentos isocin\u00e9ticos a velocidades mais elevadas ou a uma velocidade definida durante per\u00edodos mais longos. O modo bal\u00edstico optimiza o treino e o teste com movimentos e cargas funcionais e realistas.<\/p>\n<\/div>\n<\/div>\n<\/div><div class=\"nav fusion-mobile-tab-nav\"><ul class=\"nav-tabs\" role=\"tablist\" aria-orientation=\"vertical\"><li  role=\"presentation\"><a class=\"tab-link\" data-toggle=\"tab\" role=\"tab\" aria-controls=\"tab-bba048fdd2ba105b2e3\" aria-selected=\"false\" tabindex=\"-1\" id=\"mobile-fusion-tab-bba048fdd2ba105b2e3\" href=\"#tab-bba048fdd2ba105b2e3\"><h4 class=\"fusion-tab-heading\"><i class=\"fontawesome-icon fa-balance-scale fas\" aria-hidden=\"true\" style=\"font-size:13px;\"><\/i>Compensa\u00e7\u00e3o ativa da gravidade<\/h4><\/a><\/li><\/ul><\/div><div class=\"tab-pane fade fusion-clearfix\" role=\"tabpanel\" tabindex=\"0\" aria-labelledby=\"fusion-tab-bba048fdd2ba105b2e3\" id=\"tab-bba048fdd2ba105b2e3\">\n<p style=\"text-align: justify;\">Os doentes com for\u00e7a limitada s\u00e3o frequentemente incapazes de mover segmentos individuais do seu corpo sem ajuda. Isto significa que \u00e9 necess\u00e1ria uma compensa\u00e7\u00e3o ativa para estas influ\u00eancias est\u00e1ticas do peso ao longo de toda a amplitude de movimento. Enquanto o movimento \u00e9 executado, o dinam\u00f3metro pode reduzir continuamente as for\u00e7as externas ou mesmo compens\u00e1-las completamente; isto produz uma situa\u00e7\u00e3o &#8220;sem gravidade&#8221; para o paciente, em que cada movimento pode ser executado com um disp\u00eandio m\u00ednimo de for\u00e7a.<\/p>\n<\/div><div class=\"nav fusion-mobile-tab-nav\"><ul class=\"nav-tabs\" role=\"tablist\" aria-orientation=\"vertical\"><li  role=\"presentation\"><a class=\"tab-link\" data-toggle=\"tab\" role=\"tab\" aria-controls=\"tab-95e715c5a9fbc752bfc\" aria-selected=\"false\" tabindex=\"-1\" id=\"mobile-fusion-tab-95e715c5a9fbc752bfc\" href=\"#tab-95e715c5a9fbc752bfc\"><h4 class=\"fusion-tab-heading\"><i class=\"fontawesome-icon fa-tachometer-alt fas\" aria-hidden=\"true\" style=\"font-size:13px;\"><\/i>Alta precis\u00e3o<\/h4><\/a><\/li><\/ul><\/div><div class=\"tab-pane fade fusion-clearfix\" role=\"tabpanel\" tabindex=\"0\" aria-labelledby=\"fusion-tab-95e715c5a9fbc752bfc\" id=\"tab-95e715c5a9fbc752bfc\">\n<div class=\"wpb_text_column wpb_content_element \">\n<div class=\"wpb_wrapper\">\n<p style=\"text-align: justify;\">A taxa de amostragem extremamente elevada de 4000 Hz garante um controlo extremamente preciso do dinam\u00f3metro e reduz os efeitos indesej\u00e1veis (desvio da frequ\u00eancia temporal no sistema de controlo) abaixo do limiar de perce\u00e7\u00e3o. Gra\u00e7as \u00e0 transmiss\u00e3o sem folga, n\u00e3o se sente qualquer folga durante a invers\u00e3o do movimento, o que \u00e9 particularmente relevante para movimentos altamente din\u00e2micos (como o lan\u00e7amento). Permite igualmente a pr\u00e1tica de sequ\u00eancias de movimento \u00fanicas, como a combina\u00e7\u00e3o de movimentos cont\u00ednuos passivos (CPM) com cargas conc\u00eantricas ou exc\u00eantricas.<\/p>\n<\/div>\n<\/div>\n<\/div><div class=\"nav fusion-mobile-tab-nav\"><ul class=\"nav-tabs\" role=\"tablist\" aria-orientation=\"vertical\"><li  role=\"presentation\"><a class=\"tab-link\" data-toggle=\"tab\" role=\"tab\" aria-controls=\"tab-e4ce225d747fd8daf17\" aria-selected=\"false\" tabindex=\"-1\" id=\"mobile-fusion-tab-e4ce225d747fd8daf17\" href=\"#tab-e4ce225d747fd8daf17\"><h4 class=\"fusion-tab-heading\"><i class=\"fontawesome-icon fa-lock fas\" aria-hidden=\"true\" style=\"font-size:13px;\"><\/i>Seguran\u00e7a de 3 n\u00edveis<\/h4><\/a><\/li><\/ul><\/div><div class=\"tab-pane fade fusion-clearfix\" role=\"tabpanel\" tabindex=\"0\" aria-labelledby=\"fusion-tab-e4ce225d747fd8daf17\" id=\"tab-e4ce225d747fd8daf17\">\n<p style=\"text-align: justify;\">Os batentes mec\u00e2nicos continuamente ajust\u00e1veis limitam a amplitude de movimento diretamente no dinam\u00f3metro. Al\u00e9m disso, a posi\u00e7\u00e3o dos pontos de paragem do movimento \u00e9 controlada pelo sistema e corresponde constantemente ao padr\u00e3o de movimento selecionado. Deste modo, o software impede, de forma redundante, que a amplitude do movimento seja ultrapassada.<\/p>\n<\/div><div class=\"nav fusion-mobile-tab-nav\"><ul class=\"nav-tabs\" role=\"tablist\" aria-orientation=\"vertical\"><li  role=\"presentation\"><a class=\"tab-link\" data-toggle=\"tab\" role=\"tab\" aria-controls=\"tab-32799fe7467f5439a52\" aria-selected=\"false\" tabindex=\"-1\" id=\"mobile-fusion-tab-32799fe7467f5439a52\" href=\"#tab-32799fe7467f5439a52\"><h4 class=\"fusion-tab-heading\"><i class=\"fontawesome-icon fa-map-marker fas\" aria-hidden=\"true\" style=\"font-size:13px;\"><\/i>Alinhamento e regula\u00e7\u00e3o<\/h4><\/a><\/li><\/ul><\/div><div class=\"tab-pane fade fusion-clearfix\" role=\"tabpanel\" tabindex=\"0\" aria-labelledby=\"fusion-tab-32799fe7467f5439a52\" id=\"tab-32799fe7467f5439a52\">\n<div class=\"wpb_text_column wpb_content_element \">\n<div class=\"wpb_wrapper\">\n<p style=\"text-align: justify;\">Nos sistemas CON-TREX\u00ae, o dinam\u00f3metro \u00e9 deslocado na dire\u00e7\u00e3o do paciente. A cabe\u00e7a flex\u00edvel do dinam\u00f3metro permite uma regula\u00e7\u00e3o precisa e muito estreita do eixo de rota\u00e7\u00e3o do dinam\u00f3metro em rela\u00e7\u00e3o ao eixo da articula\u00e7\u00e3o.<\/p>\n<\/div>\n<\/div>\n<\/div><\/div><\/div><div class=\"fusion-text fusion-text-2\"><div class=\"wpb_text_column wpb_content_element \">\n<div class=\"wpb_wrapper\">\n<h2 style=\"text-align: justify;\">Aplica\u00e7\u00f5es<\/h2>\n<p style=\"text-align: justify;\">CON-TREX\u00ae pode ser utilizado no diagn\u00f3stico precoce e na terapia preventiva de les\u00f5es do sistema m\u00fasculo-esquel\u00e9tico em reabilita\u00e7\u00e3o. \u00c9 tamb\u00e9m utilizado na investiga\u00e7\u00e3o cient\u00edfica e na otimiza\u00e7\u00e3o do desempenho. As m\u00e1quinas CON-TREX\u00ae s\u00e3o adequadas para a medi\u00e7\u00e3o e an\u00e1lise gra\u00e7as \u00e0 sua elevada precis\u00e3o, o que as torna particularmente adequadas para uma utiliza\u00e7\u00e3o cient\u00edfica. No treino e na terapia, visam melhorar as capacidades musculares (nos dom\u00ednios da for\u00e7a e da resist\u00eancia), bem como as capacidades sens\u00f3rio-motoras. Com as suas capacidades de medi\u00e7\u00e3o vers\u00e1teis e software de exerc\u00edcio intuitivo, o CON-TREX\u00ae \u00e9 ideal para as seguintes aplica\u00e7\u00f5es:<\/p>\n<h3 style=\"text-align: justify;\"><span style=\"text-decoration: underline;\">Reabilita\u00e7\u00e3o ortop\u00e9dica e traumatologia:<\/span><\/h3>\n<ul style=\"text-align: justify;\">\n<li><strong>Diagn\u00f3stico e reabilita\u00e7\u00e3o das defici\u00eancias m\u00fasculo-esquel\u00e9ticas<\/strong>: Os desequil\u00edbrios musculares podem perturbar a sequ\u00eancia ideal dos movimentos e ter efeitos nocivos nas articula\u00e7\u00f5es ou, consoante o tipo de desporto, podem at\u00e9 ser desej\u00e1veis ou necess\u00e1rios. CON-TREX\u00ae ajuda a registar, detetar e analisar estes desequil\u00edbrios. As m\u00e1quinas CON-TREX\u00ae tamb\u00e9m podem ser utilizadas para eliminar eficazmente os desequil\u00edbrios musculares. Uma vantagem particular \u00e9 que o movimento que est\u00e1 a ser testado pode ser treinado ao mesmo tempo.<\/li>\n<li><strong>Pr\u00f3teses<\/strong>: As m\u00e1quinas CON-TREX\u00ae podem ser utilizadas para a reabilita\u00e7\u00e3o ap\u00f3s a substitui\u00e7\u00e3o de uma articula\u00e7\u00e3o artificial. Mesmo com uma for\u00e7a muscular muito baixa, os doentes podem treinar ativamente e melhorar a sua musculatura a uma velocidade de movimento razo\u00e1vel. Isto significa que a perda de for\u00e7a \u00e9 reduzida ao m\u00ednimo e que a mobilidade das articula\u00e7\u00f5es se mant\u00e9m ou melhora.<\/li>\n<\/ul>\n<h3 style=\"text-align: justify;\"><span style=\"text-decoration: underline;\">Reabilita\u00e7\u00e3o neurol\u00f3gica :<\/span><\/h3>\n<ul style=\"text-align: justify;\">\n<li>Quando o desempenho \u00e9 prejudicado por raz\u00f5es neurol\u00f3gicas, por exemplo, ap\u00f3s uma les\u00e3o cerebral ou um acidente vascular cerebral, o trabalho de reabilita\u00e7\u00e3o centra-se no restabelecimento da coordena\u00e7\u00e3o e do controlo do trabalho realizado pelos m\u00fasculos. A Sociedade Alem\u00e3 de Neurologia apela \u00e0 mobiliza\u00e7\u00e3o funcional precoce dos doentes que sofreram um acidente vascular cerebral. O CON-TREX\u00ae \u00e9 adequado para esta tarefa gra\u00e7as \u00e0 sua fun\u00e7\u00e3o de exerc\u00edcio e treino em modo de movimento passivo cont\u00ednuo: o membro afetado do paciente \u00e9 movido pelo CON-TREX\u00ae enquanto o paciente pode simultaneamente tentar controlar e mover o membro de forma independente. O CON-TREX\u00ae visualiza simultaneamente o desempenho cont\u00ednuo do paciente, o que significa que o treino pode ser seguido em tempo real no monitor e que mesmo o mais pequeno avan\u00e7o \u00e9 imediatamente reproduzido no ecr\u00e3. Isto aumenta a motiva\u00e7\u00e3o do doente para aumentar a efic\u00e1cia da reabilita\u00e7\u00e3o atrav\u00e9s da coopera\u00e7\u00e3o ativa e do biofeedback. Este objetivo s\u00f3 pode ser alcan\u00e7ado de forma limitada atrav\u00e9s dos m\u00e9todos de forma\u00e7\u00e3o &#8220;cl\u00e1ssicos&#8221;. O treino com biofeedback, particularmente com uma carga subm\u00e1xima, n\u00e3o s\u00f3 \u00e9 eficaz na corre\u00e7\u00e3o de defici\u00eancias musculares, como tamb\u00e9m \u00e9 um excelente m\u00e9todo para melhorar as capacidades de coordena\u00e7\u00e3o.<\/li>\n<\/ul>\n<div class=\"vc_tta-panel-heading\" style=\"text-align: justify;\">\n<h3 class=\"vc_tta-panel-title vc_tta-controls-icon-position-left\"><span style=\"text-decoration: underline;\"><span class=\"vc_tta-title-text\">Melhorar o desempenho :<\/span><\/span><i class=\"vc_tta-controls-icon vc_tta-controls-icon-solid_squared\"><\/i><\/h3>\n<\/div>\n<div class=\"vc_tta-panel-body\">\n<div class=\"wpb_text_column wpb_content_element \">\n<div class=\"wpb_wrapper\">\n<ul>\n<li style=\"text-align: justify;\">As m\u00e1quinas CON-TREX\u00ae s\u00e3o utilizadas no desporto de alto n\u00edvel, especialmente quando se trata de avaliar objetivamente a aptid\u00e3o f\u00edsica dos atletas e otimizar o seu progresso no treino. V\u00e1rios testes de for\u00e7a que podem ser efectuados em intervalos regulares fornecem aos treinadores e aos atletas um feedback preciso sobre a efic\u00e1cia dos seus m\u00e9todos de treino. Na reabilita\u00e7\u00e3o de atletas de topo ap\u00f3s uma les\u00e3o, as m\u00e1quinas CON-TREX\u00ae facilitam as sess\u00f5es de treino e ajudam a reduzir o tempo de inatividade.<\/li>\n<\/ul>\n<\/div>\n<\/div>\n<\/div>\n<\/div>\n<\/div>\n<\/div><div class=\"fusion-image-carousel fusion-image-carousel-fixed fusion-image-carousel-1 fusion-carousel-border\"><div class=\"awb-carousel awb-swiper awb-swiper-carousel awb-carousel--carousel awb-swiper-dots-position-bottom\" data-layout=\"carousel\" data-autoplay=\"yes\" data-autoplayspeed=\"2500\" data-autoplaypause=\"no\" data-loop=\"yes\" data-columns=\"5\" data-columnsmedium=\"1\" data-columnssmall=\"1\" data-itemmargin=\"3\" data-itemwidth=\"180\" data-touchscroll=\"no\" data-freemode=\"no\" data-imagesize=\"fixed\" data-scrollitems=\"0\" data-centeredslides=\"no\" data-rotationangle=\"50\" data-depth=\"100\" data-speed=\"500\" data-shadow=\"no\" data-pagination=\"bullets\" style=\"--awb-column-spacing:3px;--awb-border-width:1px;--awb-border-color:#e9eaee;\"><div class=\"swiper-wrapper awb-image-carousel-wrapper fusion-flex-align-items-center\"><div class=\"swiper-slide\"><div class=\"fusion-carousel-item-wrapper\"><div class=\"fusion-image-wrapper hover-type-zoomin\"><img decoding=\"async\" width=\"262\" height=\"202\" src=\"https:\/\/pes-luxembourg.lu\/bascharage\/wp-content\/uploads\/sites\/2\/2022\/12\/Poignet-1-262x202.jpg\" class=\"attachment-blog-medium size-blog-medium\" alt=\"\" \/><\/div><\/div><\/div><div class=\"swiper-slide\"><div class=\"fusion-carousel-item-wrapper\"><div class=\"fusion-image-wrapper hover-type-zoomin\"><img decoding=\"async\" width=\"263\" height=\"202\" src=\"https:\/\/pes-luxembourg.lu\/bascharage\/wp-content\/uploads\/sites\/2\/2022\/12\/Hanche-3-263x202.jpg\" class=\"attachment-blog-medium size-blog-medium\" alt=\"\" \/><\/div><\/div><\/div><div class=\"swiper-slide\"><div class=\"fusion-carousel-item-wrapper\"><div class=\"fusion-image-wrapper hover-type-zoomin\"><img decoding=\"async\" width=\"262\" height=\"202\" src=\"https:\/\/pes-luxembourg.lu\/bascharage\/wp-content\/uploads\/sites\/2\/2022\/12\/Hanche-2-262x202.jpg\" class=\"attachment-blog-medium size-blog-medium\" alt=\"\" \/><\/div><\/div><\/div><div class=\"swiper-slide\"><div class=\"fusion-carousel-item-wrapper\"><div class=\"fusion-image-wrapper hover-type-zoomin\"><img decoding=\"async\" width=\"263\" height=\"202\" src=\"https:\/\/pes-luxembourg.lu\/bascharage\/wp-content\/uploads\/sites\/2\/2022\/12\/Hanche-1-263x202.jpg\" class=\"attachment-blog-medium size-blog-medium\" alt=\"\" \/><\/div><\/div><\/div><div class=\"swiper-slide\"><div class=\"fusion-carousel-item-wrapper\"><div class=\"fusion-image-wrapper hover-type-zoomin\"><img decoding=\"async\" width=\"262\" height=\"202\" src=\"https:\/\/pes-luxembourg.lu\/bascharage\/wp-content\/uploads\/sites\/2\/2022\/12\/Genoux-2-262x202.jpg\" class=\"attachment-blog-medium size-blog-medium\" alt=\"\" \/><\/div><\/div><\/div><div class=\"swiper-slide\"><div class=\"fusion-carousel-item-wrapper\"><div class=\"fusion-image-wrapper hover-type-zoomin\"><img decoding=\"async\" width=\"262\" height=\"202\" src=\"https:\/\/pes-luxembourg.lu\/bascharage\/wp-content\/uploads\/sites\/2\/2022\/12\/Genoux-1-262x202.jpg\" class=\"attachment-blog-medium size-blog-medium\" alt=\"\" \/><\/div><\/div><\/div><div class=\"swiper-slide\"><div class=\"fusion-carousel-item-wrapper\"><div class=\"fusion-image-wrapper hover-type-zoomin\"><img decoding=\"async\" width=\"263\" height=\"202\" src=\"https:\/\/pes-luxembourg.lu\/bascharage\/wp-content\/uploads\/sites\/2\/2022\/12\/Flexion-9-263x202.jpg\" class=\"attachment-blog-medium size-blog-medium\" alt=\"\" \/><\/div><\/div><\/div><div class=\"swiper-slide\"><div class=\"fusion-carousel-item-wrapper\"><div class=\"fusion-image-wrapper hover-type-zoomin\"><img decoding=\"async\" width=\"262\" height=\"202\" src=\"https:\/\/pes-luxembourg.lu\/bascharage\/wp-content\/uploads\/sites\/2\/2022\/12\/Epaule-8-262x202.jpg\" class=\"attachment-blog-medium size-blog-medium\" alt=\"\" \/><\/div><\/div><\/div><div class=\"swiper-slide\"><div class=\"fusion-carousel-item-wrapper\"><div class=\"fusion-image-wrapper hover-type-zoomin\"><img decoding=\"async\" width=\"262\" height=\"202\" src=\"https:\/\/pes-luxembourg.lu\/bascharage\/wp-content\/uploads\/sites\/2\/2022\/12\/Epaule-7-262x202.jpg\" class=\"attachment-blog-medium size-blog-medium\" alt=\"\" \/><\/div><\/div><\/div><div class=\"swiper-slide\"><div class=\"fusion-carousel-item-wrapper\"><div class=\"fusion-image-wrapper hover-type-zoomin\"><img decoding=\"async\" width=\"263\" height=\"202\" src=\"https:\/\/pes-luxembourg.lu\/bascharage\/wp-content\/uploads\/sites\/2\/2022\/12\/Epaule-6-263x202.jpg\" class=\"attachment-blog-medium size-blog-medium\" alt=\"\" \/><\/div><\/div><\/div><div class=\"swiper-slide\"><div class=\"fusion-carousel-item-wrapper\"><div class=\"fusion-image-wrapper hover-type-zoomin\"><img decoding=\"async\" width=\"262\" height=\"202\" src=\"https:\/\/pes-luxembourg.lu\/bascharage\/wp-content\/uploads\/sites\/2\/2022\/12\/Epaule-5-262x202.jpg\" class=\"attachment-blog-medium size-blog-medium\" alt=\"\" \/><\/div><\/div><\/div><div class=\"swiper-slide\"><div class=\"fusion-carousel-item-wrapper\"><div class=\"fusion-image-wrapper hover-type-zoomin\"><img decoding=\"async\" width=\"263\" height=\"202\" src=\"https:\/\/pes-luxembourg.lu\/bascharage\/wp-content\/uploads\/sites\/2\/2022\/12\/Epaule-4-263x202.jpg\" class=\"attachment-blog-medium size-blog-medium\" alt=\"\" \/><\/div><\/div><\/div><div class=\"swiper-slide\"><div class=\"fusion-carousel-item-wrapper\"><div class=\"fusion-image-wrapper hover-type-zoomin\"><img decoding=\"async\" width=\"263\" height=\"202\" src=\"https:\/\/pes-luxembourg.lu\/bascharage\/wp-content\/uploads\/sites\/2\/2022\/12\/Epaule-3-263x202.jpg\" class=\"attachment-blog-medium size-blog-medium\" alt=\"\" \/><\/div><\/div><\/div><div class=\"swiper-slide\"><div class=\"fusion-carousel-item-wrapper\"><div class=\"fusion-image-wrapper hover-type-zoomin\"><img decoding=\"async\" width=\"320\" height=\"202\" src=\"https:\/\/pes-luxembourg.lu\/bascharage\/wp-content\/uploads\/sites\/2\/2022\/12\/Epaule-2-320x202.jpg\" class=\"attachment-blog-medium size-blog-medium\" alt=\"\" \/><\/div><\/div><\/div><div class=\"swiper-slide\"><div class=\"fusion-carousel-item-wrapper\"><div class=\"fusion-image-wrapper hover-type-zoomin\"><img decoding=\"async\" width=\"257\" height=\"202\" src=\"https:\/\/pes-luxembourg.lu\/bascharage\/wp-content\/uploads\/sites\/2\/2022\/12\/Epaule-1-257x202.jpg\" class=\"attachment-blog-medium size-blog-medium\" alt=\"\" \/><\/div><\/div><\/div><div class=\"swiper-slide\"><div class=\"fusion-carousel-item-wrapper\"><div class=\"fusion-image-wrapper hover-type-zoomin\"><img decoding=\"async\" width=\"263\" height=\"202\" src=\"https:\/\/pes-luxembourg.lu\/bascharage\/wp-content\/uploads\/sites\/2\/2022\/12\/Coude-2-263x202.jpg\" class=\"attachment-blog-medium size-blog-medium\" alt=\"\" \/><\/div><\/div><\/div><div class=\"swiper-slide\"><div class=\"fusion-carousel-item-wrapper\"><div class=\"fusion-image-wrapper hover-type-zoomin\"><img decoding=\"async\" width=\"263\" height=\"202\" src=\"https:\/\/pes-luxembourg.lu\/bascharage\/wp-content\/uploads\/sites\/2\/2022\/12\/Coude-1-263x202.jpg\" class=\"attachment-blog-medium size-blog-medium\" alt=\"\" \/><\/div><\/div><\/div><div class=\"swiper-slide\"><div class=\"fusion-carousel-item-wrapper\"><div class=\"fusion-image-wrapper hover-type-zoomin\"><img decoding=\"async\" width=\"263\" height=\"202\" src=\"https:\/\/pes-luxembourg.lu\/bascharage\/wp-content\/uploads\/sites\/2\/2022\/12\/Cheville-3-263x202.jpg\" class=\"attachment-blog-medium size-blog-medium\" alt=\"\" \/><\/div><\/div><\/div><div class=\"swiper-slide\"><div class=\"fusion-carousel-item-wrapper\"><div class=\"fusion-image-wrapper hover-type-zoomin\"><img decoding=\"async\" width=\"262\" height=\"202\" src=\"https:\/\/pes-luxembourg.lu\/bascharage\/wp-content\/uploads\/sites\/2\/2022\/12\/Cheville-2-262x202.jpg\" class=\"attachment-blog-medium size-blog-medium\" alt=\"\" \/><\/div><\/div><\/div><div class=\"swiper-slide\"><div class=\"fusion-carousel-item-wrapper\"><div class=\"fusion-image-wrapper hover-type-zoomin\"><img decoding=\"async\" width=\"262\" height=\"202\" src=\"https:\/\/pes-luxembourg.lu\/bascharage\/wp-content\/uploads\/sites\/2\/2022\/12\/Cheville-1-262x202.jpg\" class=\"attachment-blog-medium size-blog-medium\" alt=\"\" \/><\/div><\/div><\/div><div class=\"swiper-slide\"><div class=\"fusion-carousel-item-wrapper\"><div class=\"fusion-image-wrapper hover-type-zoomin\"><img decoding=\"async\" width=\"263\" height=\"202\" src=\"https:\/\/pes-luxembourg.lu\/bascharage\/wp-content\/uploads\/sites\/2\/2022\/12\/Poignet-2-263x202.jpg\" class=\"attachment-blog-medium size-blog-medium\" alt=\"\" \/><\/div><\/div><\/div><\/div><div class=\"awb-swiper-button awb-swiper-button-prev\"><i class=\"awb-icon-angle-left\" aria-hidden=\"true\"><\/i><\/div><div class=\"awb-swiper-button awb-swiper-button-next\"><i class=\"awb-icon-angle-right\" aria-hidden=\"true\"><\/i><\/div><\/div><\/div><div class=\"fusion-clearfix\"><\/div><\/div><\/div><\/div><\/div>\n","protected":false},"excerpt":{"rendered":"","protected":false},"author":1,"featured_media":0,"parent":0,"menu_order":0,"comment_status":"closed","ping_status":"closed","template":"","meta":{"_seopress_robots_primary_cat":"","_seopress_titles_title":"","_seopress_titles_desc":"","_seopress_robots_index":"","footnotes":""},"class_list":["post-8452","page","type-page","status-publish","hentry"],"_links":{"self":[{"href":"https:\/\/pes-luxembourg.lu\/bascharage\/pt-pt\/wp-json\/wp\/v2\/pages\/8452","targetHints":{"allow":["GET"]}}],"collection":[{"href":"https:\/\/pes-luxembourg.lu\/bascharage\/pt-pt\/wp-json\/wp\/v2\/pages"}],"about":[{"href":"https:\/\/pes-luxembourg.lu\/bascharage\/pt-pt\/wp-json\/wp\/v2\/types\/page"}],"author":[{"embeddable":true,"href":"https:\/\/pes-luxembourg.lu\/bascharage\/pt-pt\/wp-json\/wp\/v2\/users\/1"}],"replies":[{"embeddable":true,"href":"https:\/\/pes-luxembourg.lu\/bascharage\/pt-pt\/wp-json\/wp\/v2\/comments?post=8452"}],"version-history":[{"count":0,"href":"https:\/\/pes-luxembourg.lu\/bascharage\/pt-pt\/wp-json\/wp\/v2\/pages\/8452\/revisions"}],"wp:attachment":[{"href":"https:\/\/pes-luxembourg.lu\/bascharage\/pt-pt\/wp-json\/wp\/v2\/media?parent=8452"}],"curies":[{"name":"wp","href":"https:\/\/api.w.org\/{rel}","templated":true}]}}