{"id":8449,"date":"2023-08-30T00:00:30","date_gmt":"2023-08-29T22:00:30","guid":{"rendered":"https:\/\/pes-luxembourg.lu\/bascharage\/fisioterapeuta-bascharage-thomas-silvestrini\/"},"modified":"2024-09-20T22:48:28","modified_gmt":"2024-09-20T20:48:28","slug":"fisioterapeuta-bascharage-thomas-silvestrini","status":"publish","type":"page","link":"https:\/\/pes-luxembourg.lu\/bascharage\/pt-pt\/fisioterapeuta-bascharage-thomas-silvestrini\/","title":{"rendered":"Fisioterapeuta Bascharage Thomas Silvestrini"},"content":{"rendered":"<div class=\"fusion-fullwidth fullwidth-box fusion-builder-row-1 nonhundred-percent-fullwidth non-hundred-percent-height-scrolling\" style=\"--awb-border-radius-top-left:0px;--awb-border-radius-top-right:0px;--awb-border-radius-bottom-right:0px;--awb-border-radius-bottom-left:0px;--awb-flex-wrap:wrap;\" ><div class=\"fusion-builder-row fusion-row\"><div class=\"fusion-layout-column fusion_builder_column fusion-builder-column-0 fusion_builder_column_1_1 1_1 fusion-one-full fusion-column-first fusion-column-last\" style=\"--awb-bg-size:cover;\"><div class=\"fusion-column-wrapper fusion-flex-column-wrapper-legacy\"><div class=\"fusion-title title fusion-title-1 fusion-title-center fusion-title-text fusion-title-size-one\" style=\"--awb-margin-top-small:10px;--awb-margin-right-small:0px;--awb-margin-bottom-small:10px;--awb-margin-left-small:0px;\"><div class=\"title-sep-container title-sep-container-left\"><div class=\"title-sep sep-double sep-solid\" style=\"border-color:#e0dede;\"><\/div><\/div><span class=\"awb-title-spacer\"><\/span><h1 class=\"fusion-title-heading title-heading-center fusion-responsive-typography-calculated\" style=\"margin:0;--fontSize:34;line-height:1.41;\">Fisioterapeuta Bascharage Thomas Silvestrini<\/h1><span class=\"awb-title-spacer\"><\/span><div class=\"title-sep-container title-sep-container-right\"><div class=\"title-sep sep-double sep-solid\" style=\"border-color:#e0dede;\"><\/div><\/div><\/div><div class=\"fusion-clearfix\"><\/div><\/div><\/div><div class=\"fusion-layout-column fusion_builder_column fusion-builder-column-1 fusion_builder_column_1_1 1_1 fusion-one-full fusion-column-first fusion-column-last\" style=\"--awb-bg-size:cover;\"><div class=\"fusion-column-wrapper fusion-flex-column-wrapper-legacy\"><div class=\"fusion-person person fusion-person-left fusion-person-1 fusion-person-icon-top\" style=\"--awb-pic-style-color:#000000;--awb-pic-borderradius:20px;--awb-margin-top:0px;--awb-margin-right:0px;--awb-margin-bottom:0px;--awb-margin-left:0px;--awb-social-box-border-top:0px;--awb-social-box-border-right:0px;--awb-social-box-border-bottom:0px;--awb-social-box-border-left:0px;--awb-social-box-border-color:var(--awb-color3);--awb-social-box-border-color-hover:var(--awb-color4);--awb-social-box-colors-hover:rgba(232,232,232,0.8);--awb-social-icon-boxed-colors:#e8e8e8;--awb-social-icon-colors:#82c9f0;--awb-social-icon-colors-hover:rgba(130,201,240,0.8);\"><div class=\"person-shortcode-image-wrapper\"><div class=\"person-image-container hover-type-none person-rounded-overflow\" style=\"-webkit-border-radius:20px;-moz-border-radius:20px;border-radius:20px;border:0px solid #f6f6f6;-webkit-border-radius:20px;-moz-border-radius:20px;border-radius:20px;\"><img decoding=\"async\" class=\"person-img img-responsive wp-image-9015\" width=\"400\" height=\"473\" src=\"https:\/\/pes-luxembourg.lu\/bascharage\/wp-content\/uploads\/sites\/2\/2023\/04\/Thomas-Silvestrini-Kinesitherapeute-Bascharage-400x473.png\" alt=\"Thomas Silvestrini\" srcset=\"https:\/\/pes-luxembourg.lu\/bascharage\/wp-content\/uploads\/sites\/2\/2023\/04\/Thomas-Silvestrini-Kinesitherapeute-Bascharage-200x236.png 200w, https:\/\/pes-luxembourg.lu\/bascharage\/wp-content\/uploads\/sites\/2\/2023\/04\/Thomas-Silvestrini-Kinesitherapeute-Bascharage-400x473.png 400w, https:\/\/pes-luxembourg.lu\/bascharage\/wp-content\/uploads\/sites\/2\/2023\/04\/Thomas-Silvestrini-Kinesitherapeute-Bascharage-600x709.png 600w, https:\/\/pes-luxembourg.lu\/bascharage\/wp-content\/uploads\/sites\/2\/2023\/04\/Thomas-Silvestrini-Kinesitherapeute-Bascharage.png 800w\" sizes=\"(max-width: 800px) 100vw, 400px\" \/><\/div><\/div><div class=\"person-desc\"><div class=\"person-author\"><div class=\"person-author-wrapper\"><span class=\"person-name\">Thomas Silvestrini<\/span><span class=\"person-title\">Fisioterapeuta<\/span><\/div><\/div><div class=\"person-content fusion-clearfix\"><\/div><\/div><\/div><div class=\"fusion-text fusion-text-1\"><p style=\"text-align: justify;\">Thomas Silvestrini, o seu fisioterapeuta em Bascharage, formou-se em abril de 2021 e completou um curso internacional &#8211; Licenciatura e Mestrado &#8211; especializado em Medicina Musculoesquel\u00e9tica na <a href=\"https:\/\/www.lunex-university.net\">Universidade LUNEX<\/a>. Durante a sua licenciatura, seguiu um programa de estudos te\u00f3rico que inclu\u00eda disciplinas como anatomia geral, locomotora e neurol\u00f3gica, fisiologia, bioqu\u00edmica, biomec\u00e2nica, patologias desportivas, m\u00e9dicas e cir\u00fargicas, neurologia, fisioterapia respirat\u00f3ria, card\u00edaca e vascular, geriatria, fisioterapia, nutri\u00e7\u00e3o, etc. Estudou igualmente um vasto leque de mat\u00e9rias pr\u00e1ticas, tais como massagem, drenagem linf\u00e1tica, mobiliza\u00e7\u00e3o, reeduca\u00e7\u00e3o neurol\u00f3gica, exames e check-ups, reeduca\u00e7\u00e3o ortop\u00e9dica e desportiva, anatomia palpat\u00f3ria, etc.<\/p>\n<p style=\"text-align: justify;\">Para o seu mestrado, obtido em abril de 2023, estudou abordagens terap\u00eauticas avan\u00e7adas em \u00e1reas especializadas como a medicina m\u00fasculo-esquel\u00e9tica, cardio-respirat\u00f3ria, neurol\u00f3gica e pedi\u00e1trica.<\/p>\n<p style=\"text-align: justify;\">Analisou e avaliou criticamente estudos cl\u00ednicos e publica\u00e7\u00f5es cient\u00edficas para os integrar na sua pr\u00e1tica.<\/p>\n<p style=\"text-align: justify;\">Sem esquecer o ensino cl\u00ednico, onde teve a oportunidade de se encarregar de diferentes tipos de doentes. Esta sec\u00e7\u00e3o cl\u00ednica foi realizada em hospitais, cl\u00ednicas, centros de reabilita\u00e7\u00e3o e consult\u00f3rios privados. P\u00f4de aprofundar os seus conhecimentos no dom\u00ednio da fisioterapia cardiovascular e respirat\u00f3ria com doentes que necessitam de reabilita\u00e7\u00e3o card\u00edaca e p\u00f3s-operat\u00f3ria no <a href=\"https:\/\/www.incci.lu\/fr\/\">INCCI (Instituto Nacional de Cirurgia Card\u00edaca e de Cardiologia de Interven\u00e7\u00e3o) no Luxemburgo<\/a>. Trabalhou igualmente em patologias neurol\u00f3gicas (AVC, esclerose m\u00faltipla, tetraplegia, etc.) nas unidades de neurocirurgia, de AVC e de oncologia do <a href=\"https:\/\/www.chl.lu\">Centre Hospitalier de Luxembourg (CHL<\/a>).<\/p>\n<p style=\"text-align: justify;\">A sua passagem pela <a href=\"https:\/\/www.vivalia.be\/institution\/hopital-de-virton\">Cl\u00ednica Elmond-Jacques de Virton (B\u00e9lgica<\/a>) deu-lhe a oportunidade de assistir a tratamentos hospitalares e ambulat\u00f3rios em ortopedia (PTG, PTH, etc.), neurologia (Parkinson, paraplegia, etc.), pneumologia e geriatria, e introduziu-o na escola de retaguarda, combinando o tratamento individual com cursos em grupo.<\/p>\n<p style=\"text-align: justify;\">No <a href=\"https:\/\/www.isos-reims.fr\">Instituto do Desporto ISOS da Policl\u00ednica Les Bleuets &#8211; Reims (Fran\u00e7a)<\/a>, o Thomas p\u00f4de alargar os seus conhecimentos sobre o mundo do desporto e melhorar a sua abordagem cl\u00ednica das patologias traum\u00e1ticas dos desportistas de alta competi\u00e7\u00e3o (basquetebol, futebol, etc.). P\u00f4de trabalhar em estreita colabora\u00e7\u00e3o com os m\u00e9dicos desportivos da cl\u00ednica para estabelecer planos de reabilita\u00e7\u00e3o. Foi tamb\u00e9m durante este per\u00edodo que conheceu a isocin\u00e9tica e as mais recentes m\u00e1quinas de tecarterapia.<\/p>\n<p style=\"text-align: justify;\">No final da sua licenciatura, o Thomas teve a oportunidade de apresentar uma disserta\u00e7\u00e3o de investiga\u00e7\u00e3o sobre &#8220;O impacto da pr\u00e1tica da fisioterapia na qualidade de vida dos doentes com doen\u00e7a de Crohn&#8221;.<\/p>\n<p style=\"text-align: justify;\">A sua carreira prosseguiu no <a href=\"https:\/\/pes-luxembourg.lu\/bascharage\/pt-pt\/\">P\u00f4le Equilibre &amp; Sant\u00e9 em Bascharage<\/a> (Luxemburgo) &#8211; onde p\u00f4de aprofundar os seus conhecimentos em traumatologia da m\u00e3o, cuidados cardio-respirat\u00f3rios pedi\u00e1tricos, terapia manual e reabilita\u00e7\u00e3o vestibular.<\/p>\n<p style=\"text-align: justify;\">Thomas, o vosso fisioterapeuta em Bascharage, p\u00f4de aperfei\u00e7oar as suas compet\u00eancias no Centro Desportivo durante o seu \u00faltimo est\u00e1gio na <a href=\"https:\/\/clinique-union-toulouse.ramsaysante.fr\">Clinique de l&#8217;Union em Toulouse (Fran\u00e7a<\/a> ). Numa plataforma t\u00e9cnica de 300m2 com as mais recentes m\u00e1quinas de propriocep\u00e7\u00e3o, refor\u00e7o e reprograma\u00e7\u00e3o dos movimentos dos desportistas e do seu Alter-G. Tamb\u00e9m p\u00f4de aperfei\u00e7oar as suas compet\u00eancias em <a href=\"https:\/\/pes-luxembourg.lu\/bascharage\/pt-pt\/reabilitacao-da-mao\/\">reabilita\u00e7\u00e3o da m\u00e3o<\/a> e aprender a fazer ort\u00f3teses personalizadas. Tamb\u00e9m conseguiu completar o seu diagn\u00f3stico e tratamento dos ombros traum\u00e1ticos e n\u00e3o traum\u00e1ticos. Por \u00faltimo, o Thomas aperfei\u00e7oou as suas compet\u00eancias em gest\u00e3o <a href=\"https:\/\/pes-luxembourg.lu\/bascharage\/pt-pt\/fisioterapia-maxilofacial\/\">maxilofacial<\/a>, prestando assist\u00eancia no p\u00f3s-operat\u00f3rio e nos cuidados est\u00e9ticos maxilofaciais (genioplastia, etc.).<\/p>\n<p style=\"text-align: justify;\">No final do seu curso de mestrado, Thomas acabou por apresentar uma disserta\u00e7\u00e3o de investiga\u00e7\u00e3o sobre &#8220;A efic\u00e1cia da terapia manual no tratamento da radiculopatia cervical: uma revis\u00e3o sistem\u00e1tica de ensaios cl\u00ednicos aleat\u00f3rios&#8221;.<\/p>\n<h3 style=\"text-align: justify;\">Forma\u00e7\u00e3o complementar:<\/h3>\n<p style=\"text-align: justify;\">Thomas Silvestrini, o seu fisioterapeuta em Kaerjeng, frequentou igualmente v\u00e1rias forma\u00e7\u00f5es que lhe permitiram alargar os seus conhecimentos e variar a sua pr\u00e1tica fisioterap\u00eautica:<\/p>\n<ul>\n<li style=\"text-align: justify;\">Aperfei\u00e7oe a sua reabilita\u00e7\u00e3o da m\u00e3o e do pulso &#8211; e-learning com Tessadit AISSAOUI e o Dr. Maximilien ARNAL &#8211; 15 de mar\u00e7o a 18 de mar\u00e7o de 2022<\/li>\n<li style=\"text-align: justify;\">Participa\u00e7\u00e3o na a\u00e7\u00e3o de forma\u00e7\u00e3o &#8220;Inova\u00e7\u00f5es para a forma\u00e7\u00e3o e a recupera\u00e7\u00e3o&#8221; (Vibra3.0 e BAIOBIT) &#8211; Differdange (Luxemburgo) &#8211; 8 de mar\u00e7o de 2022<\/li>\n<li style=\"text-align: justify;\">Drenagem linf\u00e1tica &#8211; com Jean-pierre Belgrado &#8211; Differdange (Luxemburgo) &#8211; de 2 a 5 de novembro de 2021 e de 1 a 3 de dezembro de 2021<\/li>\n<li style=\"text-align: justify;\">P\u00e9 traum\u00e1tico (estrutural) &#8211; Centro de Movimento com Olivier Pireaux &#8211; Rodange (Luxemburgo) &#8211; 3 e 4 de setembro de 2021<\/li>\n<li style=\"text-align: justify;\">Kinesiotaping e Strapping &#8211; Centro de Movimento com Jonathan Barth\u00e9l\u00e9my &#8211; Rodange (Luxemburgo) &#8211; 28 e 29 de maio de 2021<\/li>\n<li style=\"text-align: justify;\">O fisioterapeuta e as patologias respirat\u00f3rias na crian\u00e7a &#8211; Hugues Gauchez &#8211; 10 de novembro a 12 de novembro 202<\/li>\n<li style=\"text-align: justify;\">Melhora a tua gest\u00e3o da reabilita\u00e7\u00e3o da m\u00e3o e do pulso: Avalia e automatiza os teus pacientes &#8211; Curso presencial de 3 dias &#8211; 28 a 1 de mar\u00e7o de 2024<\/li>\n<li style=\"text-align: justify;\">Diploma universit\u00e1rio de Isocinetismo, summa cum laude, na Universidade de Lille &#8211; 2023-2024<\/li>\n<li style=\"text-align: justify;\">Reeduca\u00e7\u00e3o maxilofacial por Thierry GOUZLAND em 2024<\/li>\n<\/ul>\n<\/div><div class=\"fusion-title title fusion-title-2 fusion-title-center fusion-title-text fusion-title-size-one\" style=\"--awb-margin-top-small:10px;--awb-margin-right-small:0px;--awb-margin-bottom-small:10px;--awb-margin-left-small:0px;\"><div class=\"title-sep-container title-sep-container-left\"><div class=\"title-sep sep-double sep-solid\" style=\"border-color:#e0dede;\"><\/div><\/div><span class=\"awb-title-spacer\"><\/span><h1 class=\"fusion-title-heading title-heading-center fusion-responsive-typography-calculated\" style=\"margin:0;--fontSize:34;line-height:1.41;\">Marca uma consulta online com Thomas Silvestrini<\/h1><span class=\"awb-title-spacer\"><\/span><div class=\"title-sep-container title-sep-container-right\"><div class=\"title-sep sep-double sep-solid\" style=\"border-color:#e0dede;\"><\/div><\/div><\/div><div class=\"fusion-text fusion-text-2\"><section data-toggle=\"doc-calendar\" data-picture=\"1\" data-doctor-eid=\"7d738ba9-b3c1-46f6-a069-fc63526b0e00\" data-language=\"fr\"><\/section>\n<p><script src=\"https:\/\/api.doctena.lu\/js\/widgetBooking\/calendar\/build.php\"><\/script><\/p>\n<\/div><div class=\"fusion-clearfix\"><\/div><\/div><\/div><\/div><\/div>\n","protected":false},"excerpt":{"rendered":"","protected":false},"author":1,"featured_media":0,"parent":0,"menu_order":0,"comment_status":"closed","ping_status":"closed","template":"","meta":{"_seopress_robots_primary_cat":"","_seopress_titles_title":"","_seopress_titles_desc":"","_seopress_robots_index":"","footnotes":""},"class_list":["post-8449","page","type-page","status-publish","hentry"],"_links":{"self":[{"href":"https:\/\/pes-luxembourg.lu\/bascharage\/pt-pt\/wp-json\/wp\/v2\/pages\/8449","targetHints":{"allow":["GET"]}}],"collection":[{"href":"https:\/\/pes-luxembourg.lu\/bascharage\/pt-pt\/wp-json\/wp\/v2\/pages"}],"about":[{"href":"https:\/\/pes-luxembourg.lu\/bascharage\/pt-pt\/wp-json\/wp\/v2\/types\/page"}],"author":[{"embeddable":true,"href":"https:\/\/pes-luxembourg.lu\/bascharage\/pt-pt\/wp-json\/wp\/v2\/users\/1"}],"replies":[{"embeddable":true,"href":"https:\/\/pes-luxembourg.lu\/bascharage\/pt-pt\/wp-json\/wp\/v2\/comments?post=8449"}],"version-history":[{"count":0,"href":"https:\/\/pes-luxembourg.lu\/bascharage\/pt-pt\/wp-json\/wp\/v2\/pages\/8449\/revisions"}],"wp:attachment":[{"href":"https:\/\/pes-luxembourg.lu\/bascharage\/pt-pt\/wp-json\/wp\/v2\/media?parent=8449"}],"curies":[{"name":"wp","href":"https:\/\/api.w.org\/{rel}","templated":true}]}}